{"id":9,"date":"2022-03-31T14:36:15","date_gmt":"2022-03-31T12:36:15","guid":{"rendered":"http:\/\/stephanie-krahl.de\/prisco-hoefe\/?page_id=2"},"modified":"2026-03-25T11:24:27","modified_gmt":"2026-03-25T10:24:27","slug":"start","status":"publish","type":"page","link":"https:\/\/stephanie-krahl.de\/balayage-haarverlaengerung-dresden\/","title":{"rendered":"Start"},"content":{"rendered":"<p><div id=\"start\" class=\"fusion-container-anchor\"><div class=\"fusion-fullwidth fullwidth-box fusion-builder-row-1 fusion-flex-container fusion-parallax-none nonhundred-percent-fullwidth non-hundred-percent-height-scrolling\" style=\"--awb-border-radius-top-left:0px;--awb-border-radius-top-right:0px;--awb-border-radius-bottom-right:0px;--awb-border-radius-bottom-left:0px;--awb-padding-top-small:50%;--awb-padding-bottom-small:30px;--awb-min-height:90vh;--awb-min-height-small:40vh;--awb-background-image:linear-gradient(180deg, rgba(0,0,0,0.16) 0%,#000000 85%),url(https:\/\/stephanie-krahl.de\/balayage-haarverlaengerung-dresden\/\/wp-content\/uploads\/2024\/12\/WhatsApp-Image-2024-12-17-at-08.05.58.jpeg);;--awb-background-size:cover;--awb-flex-wrap:wrap;\" ><div class=\"fusion-builder-row fusion-row fusion-flex-align-items-flex-start fusion-flex-align-content-flex-end fusion-flex-content-wrap\" style=\"max-width:1248px;margin-left: calc(-4% \/ 2 );margin-right: calc(-4% \/ 2 );\"><div class=\"fusion-layout-column fusion_builder_column fusion-builder-column-0 fusion_builder_column_1_1 1_1 fusion-flex-column fusion-no-small-visibility\" style=\"--awb-bg-size:cover;--awb-width-large:100%;--awb-margin-top-large:0px;--awb-spacing-right-large:1.92%;--awb-margin-bottom-large:20px;--awb-spacing-left-large:1.92%;--awb-width-medium:100%;--awb-order-medium:0;--awb-spacing-right-medium:1.92%;--awb-spacing-left-medium:1.92%;--awb-width-small:100%;--awb-order-small:0;--awb-spacing-right-small:1.92%;--awb-spacing-left-small:1.92%;\"><div class=\"fusion-column-wrapper fusion-column-has-shadow fusion-flex-justify-content-flex-start fusion-content-layout-column\"><div class=\"fusion-text fusion-text-1 fusion-text-no-margin\" style=\"--awb-content-alignment:center;--awb-font-size:20px;--awb-letter-spacing:2px;--awb-margin-bottom:0px;--awb-text-font-family:&quot;Montserrat&quot;;--awb-text-font-style:normal;--awb-text-font-weight:400;\"><p>INDIVIDUELL &amp; BESONDERS SCH\u00d6N<\/p>\n<\/div><div class=\"fusion-title title fusion-title-1 fusion-sep-none fusion-title-center fusion-title-text fusion-title-size-one\" style=\"--awb-margin-bottom:30px;--awb-font-size:30px;\"><h1 class=\"fusion-title-heading title-heading-center\" style=\"margin:0;font-size:1em;\">DEINE BALAYAGE MIT UNSERER<br \/>\nLAUREA HAARTRESSEN TECHNIK<\/h1><\/div><div style=\"text-align:center;\"><a class=\"fusion-button button-flat fusion-button-default-size button-custom fusion-button-default button-1 fusion-button-default-span fusion-button-default-type\" style=\"--button_accent_color:var(--awb-color8);--button_accent_hover_color:var(--awb-color8);--button_border_hover_color:#ffffff;--button-border-radius-top-left:0;--button-border-radius-top-right:0;--button-border-radius-bottom-right:0;--button-border-radius-bottom-left:0;--button_gradient_top_color:#ccc9c8;--button_gradient_bottom_color:#ccc9c8;--button_gradient_top_color_hover:#bcb9b8;--button_gradient_bottom_color_hover:#bcb9b8;--button_text_transform:uppercase;--button_margin-top:20px;\" target=\"_blank\" rel=\"noopener noreferrer\" href=\"https:\/\/yfvh.mitdenkt.io\/\"><span class=\"fusion-button-text\">Buch dir deinen Termin<\/span><\/a><\/div><\/div><\/div><div class=\"fusion-layout-column fusion_builder_column fusion-builder-column-1 fusion_builder_column_1_1 1_1 fusion-flex-column fusion-no-medium-visibility fusion-no-large-visibility\" style=\"--awb-bg-size:cover;--awb-width-large:100%;--awb-margin-top-large:0px;--awb-spacing-right-large:1.92%;--awb-margin-bottom-large:20px;--awb-spacing-left-large:1.92%;--awb-width-medium:100%;--awb-order-medium:0;--awb-spacing-right-medium:1.92%;--awb-spacing-left-medium:1.92%;--awb-width-small:100%;--awb-order-small:0;--awb-spacing-right-small:1.92%;--awb-spacing-left-small:1.92%;\"><div class=\"fusion-column-wrapper fusion-column-has-shadow fusion-flex-justify-content-flex-start fusion-content-layout-column\"><div class=\"fusion-text fusion-text-2 fusion-text-no-margin\" style=\"--awb-content-alignment:center;--awb-font-size:15px;--awb-letter-spacing:2px;--awb-margin-bottom:0px;--awb-text-font-family:&quot;Montserrat&quot;;--awb-text-font-style:normal;--awb-text-font-weight:400;\"><p>INDIVIDUELL &amp; BESONDERS SCH\u00d6N<\/p>\n<\/div><div class=\"fusion-title title fusion-title-2 fusion-sep-none fusion-title-center fusion-title-text fusion-title-size-one\" style=\"--awb-margin-bottom:30px;--awb-font-size:25px;\"><h1 class=\"fusion-title-heading title-heading-center\" style=\"margin:0;font-size:1em;\">DEINE BALAYAGE MIT UNSERER LAUREA HAARTRESSEN TECHNIK<\/h1><\/div><div style=\"text-align:center;\"><a class=\"fusion-button button-flat fusion-button-default-size button-custom fusion-button-default button-2 fusion-button-default-span fusion-button-default-type\" style=\"--button_accent_color:var(--awb-color8);--button_accent_hover_color:var(--awb-color8);--button_border_hover_color:#ffffff;--button-border-radius-top-left:0;--button-border-radius-top-right:0;--button-border-radius-bottom-right:0;--button-border-radius-bottom-left:0;--button_gradient_top_color:#ccc9c8;--button_gradient_bottom_color:#ccc9c8;--button_gradient_top_color_hover:#bcb9b8;--button_gradient_bottom_color_hover:#bcb9b8;--button_text_transform:uppercase;--button_margin-top:20px;\" target=\"_blank\" rel=\"noopener noreferrer\" href=\"https:\/\/yfvh.mitdenkt.io\"><span class=\"fusion-button-text\">Buch dir deinen Termin<\/span><\/a><\/div><\/div><\/div><\/div><\/div><\/div><div class=\"fusion-fullwidth fullwidth-box fusion-builder-row-2 fusion-flex-container nonhundred-percent-fullwidth non-hundred-percent-height-scrolling\" style=\"--awb-border-radius-top-left:0px;--awb-border-radius-top-right:0px;--awb-border-radius-bottom-right:0px;--awb-border-radius-bottom-left:0px;--awb-padding-top:0px;--awb-padding-bottom:0px;--awb-padding-right-small:30px;--awb-padding-left-small:30px;--awb-background-image:linear-gradient(180deg, #000000 0%,#0d0d0d 100%);--awb-flex-wrap:wrap;\" ><div class=\"fusion-builder-row fusion-row fusion-flex-align-items-flex-start fusion-flex-justify-content-center fusion-flex-content-wrap\" style=\"max-width:1248px;margin-left: calc(-4% \/ 2 );margin-right: calc(-4% \/ 2 );\"><div class=\"fusion-layout-column fusion_builder_column fusion-builder-column-2 fusion_builder_column_1_1 1_1 fusion-flex-column\" style=\"--awb-bg-size:cover;--awb-width-large:100%;--awb-margin-top-large:0px;--awb-spacing-right-large:1.92%;--awb-margin-bottom-large:20px;--awb-spacing-left-large:1.92%;--awb-width-medium:100%;--awb-order-medium:0;--awb-spacing-right-medium:1.92%;--awb-spacing-left-medium:1.92%;--awb-width-small:100%;--awb-order-small:0;--awb-spacing-right-small:1.92%;--awb-spacing-left-small:1.92%;\"><div class=\"fusion-column-wrapper fusion-column-has-shadow fusion-flex-justify-content-flex-start fusion-content-layout-column\"><div class=\"fusion-text fusion-text-3\" style=\"--awb-content-alignment:center;--awb-font-size:45px;--awb-line-height:1;--awb-text-font-family:&quot;Montserrat&quot;;--awb-text-font-style:normal;--awb-text-font-weight:100;\"><p>ENDLICH DAS <span style=\"color: var(--awb-color4);\">PERFEKTE<\/span> HAAR.<\/p>\n<\/div><\/div><\/div><div class=\"fusion-layout-column fusion_builder_column fusion-builder-column-3 fusion_builder_column_1_5 1_5 fusion-flex-column\" style=\"--awb-bg-size:cover;--awb-width-large:20%;--awb-margin-top-large:0px;--awb-spacing-right-large:10px;--awb-margin-bottom-large:20px;--awb-spacing-left-large:10px;--awb-width-medium:20%;--awb-order-medium:0;--awb-spacing-right-medium:10px;--awb-spacing-left-medium:10px;--awb-width-small:100%;--awb-order-small:0;--awb-spacing-right-small:1.92%;--awb-spacing-left-small:1.92%;\"><div class=\"fusion-column-wrapper fusion-column-has-shadow fusion-flex-justify-content-flex-start fusion-content-layout-column\"><div class=\"fusion-video fusion-selfhosted-video\" style=\"max-width:100%;\"><div class=\"video-wrapper\"><video playsinline=\"true\" width=\"100%\" style=\"object-fit: cover;\" muted=\"true\" poster=\"https:\/\/stephanie-krahl.de\/balayage-haarverlaengerung-dresden\/\/wp-content\/uploads\/2024\/12\/Bildschirmfoto-2024-12-10-um-15.11.38-800x1416.jpg\" preload=\"auto\" controls=\"1\"><source src=\"https:\/\/stephanie-krahl.de\/balayage-haarverlaengerung-dresden\/\/wp-content\/uploads\/videos\/1.MP4\" type=\"video\/mp4\">Sorry, your browser doesn&#039;t support embedded videos.<\/video><\/div><\/div><\/div><\/div><div class=\"fusion-layout-column fusion_builder_column fusion-builder-column-4 fusion_builder_column_1_5 1_5 fusion-flex-column\" style=\"--awb-bg-size:cover;--awb-width-large:20%;--awb-margin-top-large:0px;--awb-spacing-right-large:10px;--awb-margin-bottom-large:20px;--awb-spacing-left-large:10px;--awb-width-medium:20%;--awb-order-medium:0;--awb-spacing-right-medium:10px;--awb-spacing-left-medium:10px;--awb-width-small:100%;--awb-order-small:0;--awb-spacing-right-small:1.92%;--awb-spacing-left-small:1.92%;\"><div class=\"fusion-column-wrapper fusion-column-has-shadow fusion-flex-justify-content-flex-start fusion-content-layout-column\"><div class=\"fusion-video fusion-selfhosted-video\" style=\"max-width:100%;\"><div class=\"video-wrapper\"><video playsinline=\"true\" width=\"100%\" style=\"object-fit: cover;\" muted=\"true\" poster=\"https:\/\/stephanie-krahl.de\/balayage-haarverlaengerung-dresden\/\/wp-content\/uploads\/2024\/12\/Bildschirmfoto-2024-12-10-um-15.13.53-800x1429.jpg\" preload=\"auto\" controls=\"1\"><source src=\"https:\/\/stephanie-krahl.de\/balayage-haarverlaengerung-dresden\/\/wp-content\/uploads\/videos\/2.MP4\" type=\"video\/mp4\">Sorry, your browser doesn&#039;t support embedded videos.<\/video><\/div><\/div><\/div><\/div><div class=\"fusion-layout-column fusion_builder_column fusion-builder-column-5 fusion_builder_column_1_5 1_5 fusion-flex-column\" style=\"--awb-bg-size:cover;--awb-width-large:20%;--awb-margin-top-large:0px;--awb-spacing-right-large:10px;--awb-margin-bottom-large:20px;--awb-spacing-left-large:10px;--awb-width-medium:20%;--awb-order-medium:0;--awb-spacing-right-medium:10px;--awb-spacing-left-medium:10px;--awb-width-small:100%;--awb-order-small:0;--awb-spacing-right-small:1.92%;--awb-spacing-left-small:1.92%;\"><div class=\"fusion-column-wrapper fusion-column-has-shadow fusion-flex-justify-content-flex-start fusion-content-layout-column\"><div class=\"fusion-video fusion-selfhosted-video\" style=\"max-width:100%;\"><div class=\"video-wrapper\"><video playsinline=\"true\" width=\"100%\" style=\"object-fit: cover;\" muted=\"true\" poster=\"https:\/\/stephanie-krahl.de\/balayage-haarverlaengerung-dresden\/\/wp-content\/uploads\/2024\/12\/Bildschirmfoto-2024-12-10-um-15.14.57-800x1437.jpg\" preload=\"auto\" controls=\"1\"><source src=\"https:\/\/stephanie-krahl.de\/balayage-haarverlaengerung-dresden\/\/wp-content\/uploads\/videos\/4.MP4\" type=\"video\/mp4\">Sorry, your browser doesn&#039;t support embedded videos.<\/video><\/div><\/div><\/div><\/div><div class=\"fusion-layout-column fusion_builder_column fusion-builder-column-6 fusion_builder_column_1_5 1_5 fusion-flex-column\" style=\"--awb-bg-size:cover;--awb-width-large:20%;--awb-margin-top-large:0px;--awb-spacing-right-large:10px;--awb-margin-bottom-large:20px;--awb-spacing-left-large:10px;--awb-width-medium:20%;--awb-order-medium:0;--awb-spacing-right-medium:10px;--awb-spacing-left-medium:10px;--awb-width-small:100%;--awb-order-small:0;--awb-spacing-right-small:1.92%;--awb-spacing-left-small:1.92%;\"><div class=\"fusion-column-wrapper fusion-column-has-shadow fusion-flex-justify-content-flex-start fusion-content-layout-column\"><div class=\"fusion-video fusion-selfhosted-video\" style=\"max-width:100%;\"><div class=\"video-wrapper\"><video playsinline=\"true\" width=\"100%\" style=\"object-fit: cover;\" muted=\"true\" poster=\"https:\/\/stephanie-krahl.de\/balayage-haarverlaengerung-dresden\/\/wp-content\/uploads\/2024\/12\/Bildschirmfoto-2024-12-10-um-15.15.21-800x1437.jpg\" preload=\"auto\" controls=\"1\"><source src=\"https:\/\/stephanie-krahl.de\/balayage-haarverlaengerung-dresden\/\/wp-content\/uploads\/videos\/5.MP4\" type=\"video\/mp4\">Sorry, your browser doesn&#039;t support embedded videos.<\/video><\/div><\/div><\/div><\/div><div class=\"fusion-layout-column fusion_builder_column fusion-builder-column-7 fusion_builder_column_3_5 3_5 fusion-flex-column\" style=\"--awb-bg-size:cover;--awb-width-large:60%;--awb-margin-top-large:40px;--awb-spacing-right-large:3.2%;--awb-margin-bottom-large:20px;--awb-spacing-left-large:3.2%;--awb-width-medium:60%;--awb-order-medium:0;--awb-spacing-right-medium:3.2%;--awb-spacing-left-medium:3.2%;--awb-width-small:100%;--awb-order-small:0;--awb-spacing-right-small:1.92%;--awb-spacing-left-small:1.92%;\"><div class=\"fusion-column-wrapper fusion-column-has-shadow fusion-flex-justify-content-flex-start fusion-content-layout-column\"><div class=\"fusion-text fusion-text-4\" style=\"--awb-content-alignment:center;--awb-font-size:14px;--awb-line-height:2.2;--awb-letter-spacing:1px;--awb-text-font-family:&quot;Montserrat&quot;;--awb-text-font-style:normal;--awb-text-font-weight:500;\"><p>WIR SIND FARBSPEZIALISTEN UND KREATIVE K\u00d6PFE MIT UNSERER EIGENEN HANDSCHRIFT. GEMEINSAM ENTSCHEIDEN WIR, WAS DAS BESTE F\u00dcR DICH UND DEIN HAAR IST, OB SOFORT ODER IN MEHREREN BEHANDLUNGEN.<\/p>\n<\/div><div class=\"fusion-image-element fusion-no-small-visibility\" style=\"text-align:center;--awb-margin-top:40px;--awb-margin-bottom:35px;--awb-max-width:5px;--awb-caption-title-font-family:var(--h2_typography-font-family);--awb-caption-title-font-weight:var(--h2_typography-font-weight);--awb-caption-title-font-style:var(--h2_typography-font-style);--awb-caption-title-size:var(--h2_typography-font-size);--awb-caption-title-transform:var(--h2_typography-text-transform);--awb-caption-title-line-height:var(--h2_typography-line-height);--awb-caption-title-letter-spacing:var(--h2_typography-letter-spacing);\"><span class=\" fusion-imageframe imageframe-none imageframe-1 hover-type-none\"><img decoding=\"async\" width=\"10\" height=\"250\" title=\"Seperator_Senkrecht\" src=\"https:\/\/stephanie-krahl.de\/balayage-haarverlaengerung-dresden\/\/wp-content\/uploads\/2024\/12\/Seperator_Senkrecht.png\" alt class=\"img-responsive wp-image-3540\"\/><\/span><\/div><\/div><\/div><\/div><\/div><div id=\"balayage\" class=\"fusion-container-anchor\"><div class=\"fusion-fullwidth fullwidth-box fusion-builder-row-3 fusion-flex-container has-pattern-background has-mask-background nonhundred-percent-fullwidth non-hundred-percent-height-scrolling fusion-custom-z-index\" style=\"--awb-border-radius-top-left:0px;--awb-border-radius-top-right:0px;--awb-border-radius-bottom-right:0px;--awb-border-radius-bottom-left:0px;--awb-z-index:8;--awb-padding-top:0px;--awb-padding-bottom:0px;--awb-background-color:#000000;--awb-background-image:linear-gradient(180deg, #0d0d0d 0%,#000000 100%);--awb-flex-wrap:wrap;\" ><div class=\"fusion-builder-row fusion-row fusion-flex-align-items-flex-start fusion-flex-content-wrap\" style=\"max-width:1248px;margin-left: calc(-4% \/ 2 );margin-right: calc(-4% \/ 2 );\"><div class=\"fusion-layout-column fusion_builder_column fusion-builder-column-8 fusion_builder_column_1_1 1_1 fusion-flex-column\" style=\"--awb-padding-top:50px;--awb-padding-right:50px;--awb-padding-bottom:250px;--awb-padding-left:50px;--awb-padding-top-small:30px;--awb-padding-right-small:30px;--awb-padding-bottom-small:30px;--awb-padding-left-small:30px;--awb-bg-image:url(&#039;https:\/\/stephanie-krahl.de\/balayage-haarverlaengerung-dresden\/\/wp-content\/uploads\/2024\/12\/Hintergrund_Balayage-e1734079841182.jpg&#039;);--awb-bg-position:center center;--awb-bg-size:cover;--awb-width-large:100%;--awb-margin-top-large:0px;--awb-spacing-right-large:1.92%;--awb-margin-bottom-large:20px;--awb-spacing-left-large:1.92%;--awb-width-medium:100%;--awb-order-medium:0;--awb-spacing-right-medium:1.92%;--awb-spacing-left-medium:1.92%;--awb-width-small:100%;--awb-order-small:0;--awb-spacing-right-small:1.92%;--awb-spacing-left-small:1.92%;\"><div class=\"fusion-column-wrapper fusion-column-has-shadow fusion-flex-justify-content-flex-start fusion-content-layout-column fusion-column-has-bg-image\" data-bg-url=\"https:\/\/stephanie-krahl.de\/balayage-haarverlaengerung-dresden\/\/wp-content\/uploads\/2024\/12\/Hintergrund_Balayage-e1734079841182.jpg\"><div class=\"fusion-builder-row fusion-builder-row-inner fusion-row fusion-flex-align-items-flex-start fusion-flex-content-wrap\" style=\"width:104% !important;max-width:104% !important;margin-left: calc(-4% \/ 2 );margin-right: calc(-4% \/ 2 );\"><div class=\"fusion-layout-column fusion_builder_column_inner fusion-builder-nested-column-0 fusion_builder_column_inner_3_5 3_5 fusion-flex-column fusion-flex-align-self-stretch\" style=\"--awb-bg-size:cover;--awb-width-large:60%;--awb-margin-top-large:0px;--awb-spacing-right-large:3.2%;--awb-margin-bottom-large:20px;--awb-spacing-left-large:3.2%;--awb-width-medium:60%;--awb-order-medium:0;--awb-spacing-right-medium:3.2%;--awb-spacing-left-medium:3.2%;--awb-width-small:100%;--awb-order-small:0;--awb-spacing-right-small:1.92%;--awb-spacing-left-small:1.92%;\"><div class=\"fusion-column-wrapper fusion-column-has-shadow fusion-flex-justify-content-center fusion-content-layout-column\"><div class=\"fusion-title title fusion-title-3 fusion-sep-none fusion-title-text fusion-title-size-two\" style=\"--awb-text-color:var(--awb-color4);\"><h2 class=\"fusion-title-heading title-heading-left\" style=\"margin:0;\">Balayage<\/h2><\/div><div class=\"fusion-text fusion-text-5\"><p>Balayage ist weit mehr als ein Trend \u2013 Balayage steht f\u00fcr einen neuen, individuellen Look, dessen Farbverlauf von nat\u00fcrlich tiefen Ans\u00e4tzen zu immer heller werdenden Spitzen verst\u00e4rkt wird. Abgestimmt auf die jeweilige Grundhaarfarbe, werden Highlights mit neuesten Techniken und modernsten Produkten ins Haar gezeichnet. <\/p>\n<p><b>Balayage bedeutet f\u00fcr uns aber noch mehr!<\/b><br \/>\nBalayage steht f\u00fcr uns als \u00dcberbegriff f\u00fcr die neue und moderne Art, Haare zu f\u00e4rben!<\/p>\n<\/div><div class=\"fusion-title title fusion-title-4 fusion-sep-none fusion-title-text fusion-title-size-three\"><h3 class=\"fusion-title-heading title-heading-left\" style=\"margin:0;\">BALAYAGE LOOK<\/h3><\/div><div class=\"fusion-text fusion-text-6\"><p>Gemeinsam mit Dir, kreieren wir deinen perfekten Balayage Look. Kleinigkeiten machen das gro\u00dfe Ganze. Wir wissen genau, auf was es ankommt. Die Farbe und die Verl\u00e4ufe m\u00fcssen nat\u00fcrlich sein. Es ist eine Mischung aus dem perfekten Licht, der Tiefe und dem Kontrast. Das Gleichgewicht zwischen der Bewegung im Haar und den farblichen Akzenten sorgt f\u00fcr das nat\u00fcrliche, aber gewisse Etwas.<\/p>\n<\/div><\/div><\/div><div class=\"fusion-layout-column fusion_builder_column_inner fusion-builder-nested-column-1 fusion_builder_column_inner_2_5 2_5 fusion-flex-column fusion-flex-align-self-stretch\" style=\"--awb-bg-size:cover;--awb-width-large:40%;--awb-margin-top-large:0px;--awb-spacing-right-large:4.8%;--awb-margin-bottom-large:20px;--awb-spacing-left-large:4.8%;--awb-width-medium:40%;--awb-order-medium:0;--awb-spacing-right-medium:4.8%;--awb-spacing-left-medium:4.8%;--awb-width-small:100%;--awb-order-small:0;--awb-spacing-right-small:1.92%;--awb-spacing-left-small:1.92%;\"><div class=\"fusion-column-wrapper fusion-column-has-shadow fusion-flex-justify-content-center fusion-content-layout-column\"><div class=\"fusion-image-element \" style=\"--awb-caption-title-font-family:var(--h2_typography-font-family);--awb-caption-title-font-weight:var(--h2_typography-font-weight);--awb-caption-title-font-style:var(--h2_typography-font-style);--awb-caption-title-size:var(--h2_typography-font-size);--awb-caption-title-transform:var(--h2_typography-text-transform);--awb-caption-title-line-height:var(--h2_typography-line-height);--awb-caption-title-letter-spacing:var(--h2_typography-letter-spacing);\"><span class=\" fusion-imageframe imageframe-none imageframe-2 hover-type-none\"><img decoding=\"async\" width=\"588\" height=\"900\" title=\"Bild_Balayage\" src=\"https:\/\/stephanie-krahl.de\/balayage-haarverlaengerung-dresden\/\/wp-content\/uploads\/2024\/12\/Bild_Balayage.jpg\" alt class=\"img-responsive wp-image-3521\" srcset=\"https:\/\/stephanie-krahl.de\/balayage-haarverlaengerung-dresden\/wp-content\/uploads\/2024\/12\/Bild_Balayage-200x306.jpg 200w, https:\/\/stephanie-krahl.de\/balayage-haarverlaengerung-dresden\/wp-content\/uploads\/2024\/12\/Bild_Balayage-400x612.jpg 400w, https:\/\/stephanie-krahl.de\/balayage-haarverlaengerung-dresden\/wp-content\/uploads\/2024\/12\/Bild_Balayage.jpg 588w\" sizes=\"(max-width: 640px) 100vw, 588px\" \/><\/span><\/div><\/div><\/div><\/div><\/div><\/div><\/div><\/div><\/div><div class=\"fusion-fullwidth fullwidth-box fusion-builder-row-4 fusion-flex-container has-pattern-background has-mask-background nonhundred-percent-fullwidth non-hundred-percent-height-scrolling fusion-custom-z-index\" style=\"--awb-border-radius-top-left:0px;--awb-border-radius-top-right:0px;--awb-border-radius-bottom-right:0px;--awb-border-radius-bottom-left:0px;--awb-z-index:9;--awb-padding-top:0px;--awb-padding-bottom:0px;--awb-padding-bottom-small:40px;--awb-margin-top:-220px;--awb-margin-top-small:0px;--awb-background-color:#000000;--awb-flex-wrap:wrap;\" ><div class=\"fusion-builder-row fusion-row fusion-flex-align-items-flex-start fusion-flex-justify-content-center fusion-flex-content-wrap\" style=\"max-width:1248px;margin-left: calc(-4% \/ 2 );margin-right: calc(-4% \/ 2 );\"><div class=\"fusion-layout-column fusion_builder_column fusion-builder-column-9 fusion-flex-column\" style=\"--awb-bg-size:cover;--awb-width-large:23%;--awb-margin-top-large:0px;--awb-spacing-right-large:8.3478260869565%;--awb-margin-bottom-large:20px;--awb-spacing-left-large:8.3478260869565%;--awb-width-medium:23%;--awb-order-medium:0;--awb-spacing-right-medium:8.3478260869565%;--awb-spacing-left-medium:8.3478260869565%;--awb-width-small:100%;--awb-order-small:0;--awb-spacing-right-small:1.92%;--awb-spacing-left-small:1.92%;\"><div class=\"fusion-column-wrapper fusion-column-has-shadow fusion-flex-justify-content-flex-start fusion-content-layout-column\"><div class=\"fusion-image-before-after-wrapper fusion-image-before-after-horizontal type-before-after hover-type-together fusion-image-before-after-wrapper-1\" style=\"--awb-handle-color:var(--awb-color8);--awb-font-size:14px;--awb-bordersize:0px;--awb-accent-color-bg:rgba(255,255,255,0.15);--awb-transition-time:0.5s;\"><div class=\"fusion-image-before-after-element fusion-image-before-after fusion-image-before-after-container fusion-image-before-after-1\" data-offset=\"0.5\" data-orientation=\"horizontal\" data-move-with-handle-only=\"true\" data-click-to-move=\"true\"><img decoding=\"async\" class=\"fusion-image-before-after-before\" src=\"https:\/\/stephanie-krahl.de\/balayage-haarverlaengerung-dresden\/\/wp-content\/uploads\/2024\/12\/1_vorher.jpg\" width=\"1536\" height=\"2048\"><img decoding=\"async\" class=\"fusion-image-before-after-after\" src=\"https:\/\/stephanie-krahl.de\/balayage-haarverlaengerung-dresden\/\/wp-content\/uploads\/2024\/12\/1_nachher.jpg\" width=\"1536\" height=\"2048\"><div class=\"fusion-image-before-after-handle fusion-image-before-after-handle-default\"><span class=\"fusion-image-before-after-left-arrow\"><\/span><span class=\"fusion-image-before-after-right-arrow\"><\/span><\/div><\/div><\/div><\/div><\/div><div class=\"fusion-layout-column fusion_builder_column fusion-builder-column-10 fusion-flex-column\" style=\"--awb-bg-size:cover;--awb-width-large:23%;--awb-margin-top-large:0px;--awb-spacing-right-large:8.3478260869565%;--awb-margin-bottom-large:20px;--awb-spacing-left-large:8.3478260869565%;--awb-width-medium:23%;--awb-order-medium:0;--awb-spacing-right-medium:8.3478260869565%;--awb-spacing-left-medium:8.3478260869565%;--awb-width-small:100%;--awb-order-small:0;--awb-spacing-right-small:1.92%;--awb-spacing-left-small:1.92%;\"><div class=\"fusion-column-wrapper fusion-column-has-shadow fusion-flex-justify-content-flex-start fusion-content-layout-column\"><div class=\"fusion-image-before-after-wrapper fusion-image-before-after-horizontal type-before-after hover-type-together fusion-image-before-after-wrapper-2\" style=\"--awb-handle-color:var(--awb-color8);--awb-font-size:14px;--awb-bordersize:0px;--awb-accent-color-bg:rgba(255,255,255,0.15);--awb-transition-time:0.5s;\"><div class=\"fusion-image-before-after-element fusion-image-before-after fusion-image-before-after-container fusion-image-before-after-2\" data-offset=\"0.5\" data-orientation=\"horizontal\" data-move-with-handle-only=\"true\" data-click-to-move=\"true\"><img decoding=\"async\" class=\"fusion-image-before-after-before\" src=\"https:\/\/stephanie-krahl.de\/balayage-haarverlaengerung-dresden\/\/wp-content\/uploads\/2024\/12\/2_vorher.jpg\" width=\"1536\" height=\"2048\"><img decoding=\"async\" class=\"fusion-image-before-after-after\" src=\"https:\/\/stephanie-krahl.de\/balayage-haarverlaengerung-dresden\/\/wp-content\/uploads\/2024\/12\/2_nachher.jpg\" width=\"1536\" height=\"2048\"><div class=\"fusion-image-before-after-handle fusion-image-before-after-handle-default\"><span class=\"fusion-image-before-after-left-arrow\"><\/span><span class=\"fusion-image-before-after-right-arrow\"><\/span><\/div><\/div><\/div><\/div><\/div><div class=\"fusion-layout-column fusion_builder_column fusion-builder-column-11 fusion-flex-column\" style=\"--awb-bg-size:cover;--awb-width-large:23%;--awb-margin-top-large:0px;--awb-spacing-right-large:8.3478260869565%;--awb-margin-bottom-large:20px;--awb-spacing-left-large:8.3478260869565%;--awb-width-medium:23%;--awb-order-medium:0;--awb-spacing-right-medium:8.3478260869565%;--awb-spacing-left-medium:8.3478260869565%;--awb-width-small:100%;--awb-order-small:0;--awb-spacing-right-small:1.92%;--awb-spacing-left-small:1.92%;\"><div class=\"fusion-column-wrapper fusion-column-has-shadow fusion-flex-justify-content-flex-start fusion-content-layout-column\"><div class=\"fusion-image-before-after-wrapper fusion-image-before-after-horizontal type-before-after hover-type-together fusion-image-before-after-wrapper-3\" style=\"--awb-handle-color:var(--awb-color8);--awb-font-size:14px;--awb-bordersize:0px;--awb-accent-color-bg:rgba(255,255,255,0.15);--awb-transition-time:0.5s;\"><div class=\"fusion-image-before-after-element fusion-image-before-after fusion-image-before-after-container fusion-image-before-after-3\" data-offset=\"0.5\" data-orientation=\"horizontal\" data-move-with-handle-only=\"true\" data-click-to-move=\"true\"><img decoding=\"async\" class=\"fusion-image-before-after-before\" src=\"https:\/\/stephanie-krahl.de\/balayage-haarverlaengerung-dresden\/\/wp-content\/uploads\/2024\/12\/3_vorher.jpg\" width=\"1536\" height=\"2048\"><img decoding=\"async\" class=\"fusion-image-before-after-after\" src=\"https:\/\/stephanie-krahl.de\/balayage-haarverlaengerung-dresden\/\/wp-content\/uploads\/2024\/12\/3_nachher.jpg\" width=\"1536\" height=\"2048\"><div class=\"fusion-image-before-after-handle fusion-image-before-after-handle-default\"><span class=\"fusion-image-before-after-left-arrow\"><\/span><span class=\"fusion-image-before-after-right-arrow\"><\/span><\/div><\/div><\/div><\/div><\/div><div class=\"fusion-layout-column fusion_builder_column fusion-builder-column-12 fusion-flex-column\" style=\"--awb-bg-size:cover;--awb-width-large:23%;--awb-margin-top-large:0px;--awb-spacing-right-large:8.3478260869565%;--awb-margin-bottom-large:20px;--awb-spacing-left-large:8.3478260869565%;--awb-width-medium:23%;--awb-order-medium:0;--awb-spacing-right-medium:8.3478260869565%;--awb-spacing-left-medium:8.3478260869565%;--awb-width-small:100%;--awb-order-small:0;--awb-spacing-right-small:1.92%;--awb-spacing-left-small:1.92%;\"><div class=\"fusion-column-wrapper fusion-column-has-shadow fusion-flex-justify-content-flex-start fusion-content-layout-column\"><div class=\"fusion-image-before-after-wrapper fusion-image-before-after-horizontal type-before-after hover-type-together fusion-image-before-after-wrapper-4\" style=\"--awb-handle-color:var(--awb-color8);--awb-font-size:14px;--awb-bordersize:0px;--awb-accent-color-bg:rgba(255,255,255,0.15);--awb-transition-time:0.5s;\"><div class=\"fusion-image-before-after-element fusion-image-before-after fusion-image-before-after-container fusion-image-before-after-4\" data-offset=\"0.5\" data-orientation=\"horizontal\" data-move-with-handle-only=\"true\" data-click-to-move=\"true\"><img decoding=\"async\" class=\"fusion-image-before-after-before\" src=\"https:\/\/stephanie-krahl.de\/balayage-haarverlaengerung-dresden\/\/wp-content\/uploads\/2024\/12\/4_vorher.jpg\" width=\"1536\" height=\"2048\"><img decoding=\"async\" class=\"fusion-image-before-after-after\" src=\"https:\/\/stephanie-krahl.de\/balayage-haarverlaengerung-dresden\/\/wp-content\/uploads\/2024\/12\/4_nachher.jpg\" width=\"1536\" height=\"2048\"><div class=\"fusion-image-before-after-handle fusion-image-before-after-handle-default\"><span class=\"fusion-image-before-after-left-arrow\"><\/span><span class=\"fusion-image-before-after-right-arrow\"><\/span><\/div><\/div><\/div><\/div><\/div><div class=\"fusion-layout-column fusion_builder_column fusion-builder-column-13 fusion_builder_column_1_1 1_1 fusion-flex-column\" style=\"--awb-bg-size:cover;--awb-width-large:100%;--awb-margin-top-large:30px;--awb-spacing-right-large:1.92%;--awb-margin-bottom-large:20px;--awb-spacing-left-large:1.92%;--awb-width-medium:100%;--awb-order-medium:0;--awb-spacing-right-medium:1.92%;--awb-spacing-left-medium:1.92%;--awb-width-small:100%;--awb-order-small:0;--awb-spacing-right-small:1.92%;--awb-spacing-left-small:1.92%;\"><div class=\"fusion-column-wrapper fusion-column-has-shadow fusion-flex-justify-content-flex-start fusion-content-layout-column\"><div style=\"text-align:center;\"><a class=\"fusion-button button-flat fusion-button-default-size button-default fusion-button-default button-3 fusion-button-default-span fusion-button-default-type\" style=\"--button-border-radius-top-left:0;--button-border-radius-top-right:0;--button-border-radius-bottom-right:0;--button-border-radius-bottom-left:0;\" target=\"_blank\" rel=\"noopener noreferrer\" href=\"https:\/\/yfvh.mitdenkt.io\"><span class=\"fusion-button-text\">Termin buchen<\/span><\/a><\/div><div class=\"fusion-image-element fusion-no-small-visibility\" style=\"text-align:center;--awb-margin-top:40px;--awb-margin-bottom:35px;--awb-max-width:5px;--awb-caption-title-font-family:var(--h2_typography-font-family);--awb-caption-title-font-weight:var(--h2_typography-font-weight);--awb-caption-title-font-style:var(--h2_typography-font-style);--awb-caption-title-size:var(--h2_typography-font-size);--awb-caption-title-transform:var(--h2_typography-text-transform);--awb-caption-title-line-height:var(--h2_typography-line-height);--awb-caption-title-letter-spacing:var(--h2_typography-letter-spacing);\"><span class=\" fusion-imageframe imageframe-none imageframe-3 hover-type-none\"><img decoding=\"async\" width=\"10\" height=\"250\" title=\"Seperator_Senkrecht\" src=\"https:\/\/stephanie-krahl.de\/balayage-haarverlaengerung-dresden\/\/wp-content\/uploads\/2024\/12\/Seperator_Senkrecht.png\" alt class=\"img-responsive wp-image-3540\"\/><\/span><\/div><\/div><\/div><\/div><\/div><div id=\"haartressen\" class=\"fusion-container-anchor\"><div class=\"fusion-fullwidth fullwidth-box fusion-builder-row-5 fusion-flex-container has-pattern-background has-mask-background nonhundred-percent-fullwidth non-hundred-percent-height-scrolling fusion-custom-z-index\" style=\"--awb-border-radius-top-left:0px;--awb-border-radius-top-right:0px;--awb-border-radius-bottom-right:0px;--awb-border-radius-bottom-left:0px;--awb-z-index:8;--awb-padding-top:0px;--awb-padding-bottom:0px;--awb-background-color:#000000;--awb-flex-wrap:wrap;\" ><div class=\"fusion-builder-row fusion-row fusion-flex-align-items-flex-start fusion-flex-content-wrap\" style=\"max-width:1248px;margin-left: calc(-4% \/ 2 );margin-right: calc(-4% \/ 2 );\"><div class=\"fusion-layout-column fusion_builder_column fusion-builder-column-14 fusion_builder_column_1_1 1_1 fusion-flex-column\" style=\"--awb-padding-top:50px;--awb-padding-right:50px;--awb-padding-bottom:250px;--awb-padding-left:50px;--awb-padding-top-small:30px;--awb-padding-right-small:30px;--awb-padding-bottom-small:30px;--awb-padding-left-small:30px;--awb-bg-image:url(&#039;https:\/\/stephanie-krahl.de\/balayage-haarverlaengerung-dresden\/\/wp-content\/uploads\/2024\/12\/Hintergrund_Haartressen.jpg&#039;);--awb-bg-position:center center;--awb-bg-size:cover;--awb-width-large:100%;--awb-margin-top-large:0px;--awb-spacing-right-large:1.92%;--awb-margin-bottom-large:20px;--awb-spacing-left-large:1.92%;--awb-width-medium:100%;--awb-order-medium:0;--awb-spacing-right-medium:1.92%;--awb-spacing-left-medium:1.92%;--awb-width-small:100%;--awb-order-small:0;--awb-spacing-right-small:1.92%;--awb-spacing-left-small:1.92%;\"><div class=\"fusion-column-wrapper fusion-column-has-shadow fusion-flex-justify-content-flex-start fusion-content-layout-column fusion-column-has-bg-image\" data-bg-url=\"https:\/\/stephanie-krahl.de\/balayage-haarverlaengerung-dresden\/\/wp-content\/uploads\/2024\/12\/Hintergrund_Haartressen.jpg\"><div class=\"fusion-builder-row fusion-builder-row-inner fusion-row fusion-flex-align-items-flex-start fusion-flex-content-wrap\" style=\"width:104% !important;max-width:104% !important;margin-left: calc(-4% \/ 2 );margin-right: calc(-4% \/ 2 );\"><div class=\"fusion-layout-column fusion_builder_column_inner fusion-builder-nested-column-2 fusion_builder_column_inner_2_5 2_5 fusion-flex-column fusion-flex-align-self-stretch\" style=\"--awb-bg-size:cover;--awb-width-large:40%;--awb-margin-top-large:0px;--awb-spacing-right-large:4.8%;--awb-margin-bottom-large:20px;--awb-spacing-left-large:4.8%;--awb-width-medium:40%;--awb-order-medium:0;--awb-spacing-right-medium:4.8%;--awb-spacing-left-medium:4.8%;--awb-width-small:100%;--awb-order-small:1;--awb-spacing-right-small:1.92%;--awb-spacing-left-small:1.92%;\"><div class=\"fusion-column-wrapper fusion-column-has-shadow fusion-flex-justify-content-center fusion-content-layout-column\"><div class=\"fusion-image-element \" style=\"--awb-caption-title-font-family:var(--h2_typography-font-family);--awb-caption-title-font-weight:var(--h2_typography-font-weight);--awb-caption-title-font-style:var(--h2_typography-font-style);--awb-caption-title-size:var(--h2_typography-font-size);--awb-caption-title-transform:var(--h2_typography-text-transform);--awb-caption-title-line-height:var(--h2_typography-line-height);--awb-caption-title-letter-spacing:var(--h2_typography-letter-spacing);\"><span class=\" fusion-imageframe imageframe-none imageframe-4 hover-type-none\"><img decoding=\"async\" width=\"544\" height=\"900\" title=\"Bild_Haartressen\" src=\"https:\/\/stephanie-krahl.de\/balayage-haarverlaengerung-dresden\/\/wp-content\/uploads\/2024\/12\/Bild_Haartressen.jpg\" alt class=\"img-responsive wp-image-3522\" srcset=\"https:\/\/stephanie-krahl.de\/balayage-haarverlaengerung-dresden\/wp-content\/uploads\/2024\/12\/Bild_Haartressen-200x331.jpg 200w, https:\/\/stephanie-krahl.de\/balayage-haarverlaengerung-dresden\/wp-content\/uploads\/2024\/12\/Bild_Haartressen-400x662.jpg 400w, https:\/\/stephanie-krahl.de\/balayage-haarverlaengerung-dresden\/wp-content\/uploads\/2024\/12\/Bild_Haartressen.jpg 544w\" sizes=\"(max-width: 640px) 100vw, 544px\" \/><\/span><\/div><\/div><\/div><div class=\"fusion-layout-column fusion_builder_column_inner fusion-builder-nested-column-3 fusion_builder_column_inner_3_5 3_5 fusion-flex-column fusion-flex-align-self-stretch\" style=\"--awb-bg-size:cover;--awb-width-large:60%;--awb-margin-top-large:0px;--awb-spacing-right-large:3.2%;--awb-margin-bottom-large:20px;--awb-spacing-left-large:3.2%;--awb-width-medium:60%;--awb-order-medium:0;--awb-spacing-right-medium:3.2%;--awb-spacing-left-medium:3.2%;--awb-width-small:100%;--awb-order-small:0;--awb-spacing-right-small:1.92%;--awb-spacing-left-small:1.92%;\"><div class=\"fusion-column-wrapper fusion-column-has-shadow fusion-flex-justify-content-center fusion-content-layout-column\"><div class=\"fusion-title title fusion-title-5 fusion-sep-none fusion-title-text fusion-title-size-two\" style=\"--awb-text-color:var(--awb-color4);\"><h2 class=\"fusion-title-heading title-heading-left\" style=\"margin:0;line-height:1;\">LAUREA<br \/>\nHAAR\u00adTRESSEN<\/h2><\/div><div class=\"fusion-text fusion-text-7\"><p><b>Wir bitten dich einen Beratungstermin zu buchen.<\/b><br \/>\n30 min 39 \u20ac<\/p>\n<\/div><div ><a class=\"fusion-button button-flat fusion-button-default-size button-default fusion-button-default button-4 fusion-button-default-span fusion-button-default-type\" style=\"--button-border-radius-top-left:0;--button-border-radius-top-right:0;--button-border-radius-bottom-right:0;--button-border-radius-bottom-left:0;\" target=\"_blank\" rel=\"noopener noreferrer\" href=\"https:\/\/yfvh.mitdenkt.io\"><span class=\"fusion-button-text\">BERATUNGSTERMIN BUCHEN<\/span><\/a><\/div><div class=\"fusion-text fusion-text-8 fusion-text-no-margin\" style=\"--awb-margin-top:20px;--awb-margin-bottom:0px;\"><p>Uns ist es nicht m\u00f6glich Pauschalpreise zu nennen.<\/p>\n<\/div><div class=\"fusion-text fusion-text-9 fusion-text-no-margin\" style=\"--awb-margin-top:20px;--awb-margin-bottom:0px;\"><p><b>Du bekommst bei deiner gebuchten Beratung:<\/b><\/p>\n<\/div><ul style=\"--awb-item-padding-top:0px;--awb-item-padding-bottom:0px;--awb-textcolor:var(--awb-color1);--awb-line-height:27.2px;--awb-icon-width:27.2px;--awb-icon-height:27.2px;--awb-icon-margin:11.2px;--awb-content-margin:38.4px;\" class=\"fusion-checklist fusion-checklist-1 type-icons\"><li class=\"fusion-li-item\" style=\"\"><span class=\"icon-wrapper circle-no\"><i class=\"fusion-li-icon awb-icon-check\" aria-hidden=\"true\"><\/i><\/span><div class=\"fusion-li-item-content\">Eine ehrliche Meinung<\/div><\/li><li class=\"fusion-li-item\" style=\"\"><span class=\"icon-wrapper circle-no\"><i class=\"fusion-li-icon awb-icon-check\" aria-hidden=\"true\"><\/i><\/span><div class=\"fusion-li-item-content\">Probetragen der Laurea Haarb\u00e4nder\/-tressen<\/div><\/li><li class=\"fusion-li-item\" style=\"\"><span class=\"icon-wrapper circle-no\"><i class=\"fusion-li-icon awb-icon-check\" aria-hidden=\"true\"><\/i><\/span><div class=\"fusion-li-item-content\">L\u00e4ngenbestimmung<\/div><\/li><li class=\"fusion-li-item\" style=\"\"><span class=\"icon-wrapper circle-no\"><i class=\"fusion-li-icon awb-icon-check\" aria-hidden=\"true\"><\/i><\/span><div class=\"fusion-li-item-content\">Einsch\u00e4tzung der Anzahl an notwendigen Haartressen<\/div><\/li><li class=\"fusion-li-item\" style=\"\"><span class=\"icon-wrapper circle-no\"><i class=\"fusion-li-icon awb-icon-check\" aria-hidden=\"true\"><\/i><\/span><div class=\"fusion-li-item-content\">Farbbestimmung<\/div><\/li><li class=\"fusion-li-item\" style=\"\"><span class=\"icon-wrapper circle-no\"><i class=\"fusion-li-icon awb-icon-check\" aria-hidden=\"true\"><\/i><\/span><div class=\"fusion-li-item-content\">und einen Kostenvoranschlag.<\/div><\/li><\/ul><div class=\"fusion-text fusion-text-10 fusion-text-no-margin\" style=\"--awb-margin-top:20px;--awb-margin-bottom:0px;\"><p><b>Unsere wundersch\u00f6nen Haartressen halten bis zu 1 Jahr und sind bei entsprechender Pflege noch l\u00e4nger zu tragen.<\/b><\/p>\n<\/div><\/div><\/div><\/div><\/div><\/div><\/div><\/div><\/div><div class=\"fusion-fullwidth fullwidth-box fusion-builder-row-6 fusion-flex-container has-pattern-background has-mask-background nonhundred-percent-fullwidth non-hundred-percent-height-scrolling fusion-custom-z-index\" style=\"--awb-border-radius-top-left:0px;--awb-border-radius-top-right:0px;--awb-border-radius-bottom-right:0px;--awb-border-radius-bottom-left:0px;--awb-z-index:9;--awb-padding-top:0px;--awb-padding-bottom:0px;--awb-margin-top:-220px;--awb-margin-top-small:0px;--awb-background-color:#000000;--awb-flex-wrap:wrap;\" ><div class=\"fusion-builder-row fusion-row fusion-flex-align-items-flex-start fusion-flex-justify-content-center fusion-flex-content-wrap\" style=\"max-width:1248px;margin-left: calc(-4% \/ 2 );margin-right: calc(-4% \/ 2 );\"><div class=\"fusion-layout-column fusion_builder_column fusion-builder-column-15 fusion-flex-column\" style=\"--awb-bg-size:cover;--awb-width-large:23%;--awb-margin-top-large:0px;--awb-spacing-right-large:8.3478260869565%;--awb-margin-bottom-large:20px;--awb-spacing-left-large:8.3478260869565%;--awb-width-medium:23%;--awb-order-medium:0;--awb-spacing-right-medium:8.3478260869565%;--awb-spacing-left-medium:8.3478260869565%;--awb-width-small:100%;--awb-order-small:0;--awb-spacing-right-small:1.92%;--awb-spacing-left-small:1.92%;\"><div class=\"fusion-column-wrapper fusion-column-has-shadow fusion-flex-justify-content-flex-start fusion-content-layout-column\"><div class=\"fusion-image-before-after-wrapper fusion-image-before-after-horizontal type-before-after hover-type-together fusion-image-before-after-wrapper-5\" style=\"--awb-handle-color:var(--awb-color8);--awb-font-size:14px;--awb-bordersize:0px;--awb-accent-color-bg:rgba(255,255,255,0.15);--awb-transition-time:0.5s;\"><div class=\"fusion-image-before-after-element fusion-image-before-after fusion-image-before-after-container fusion-image-before-after-5\" data-offset=\"0.5\" data-orientation=\"horizontal\" data-move-with-handle-only=\"true\" data-click-to-move=\"true\"><img decoding=\"async\" class=\"fusion-image-before-after-before\" src=\"https:\/\/stephanie-krahl.de\/balayage-haarverlaengerung-dresden\/\/wp-content\/uploads\/2024\/12\/1_vorher-1.jpg\" width=\"1536\" height=\"2048\"><img decoding=\"async\" class=\"fusion-image-before-after-after\" src=\"https:\/\/stephanie-krahl.de\/balayage-haarverlaengerung-dresden\/\/wp-content\/uploads\/2024\/12\/1_nachher-1.jpg\" width=\"1536\" height=\"2048\"><div class=\"fusion-image-before-after-handle fusion-image-before-after-handle-default\"><span class=\"fusion-image-before-after-left-arrow\"><\/span><span class=\"fusion-image-before-after-right-arrow\"><\/span><\/div><\/div><\/div><\/div><\/div><div class=\"fusion-layout-column fusion_builder_column fusion-builder-column-16 fusion-flex-column\" style=\"--awb-bg-size:cover;--awb-width-large:23%;--awb-margin-top-large:0px;--awb-spacing-right-large:8.3478260869565%;--awb-margin-bottom-large:20px;--awb-spacing-left-large:8.3478260869565%;--awb-width-medium:23%;--awb-order-medium:0;--awb-spacing-right-medium:8.3478260869565%;--awb-spacing-left-medium:8.3478260869565%;--awb-width-small:100%;--awb-order-small:0;--awb-spacing-right-small:1.92%;--awb-spacing-left-small:1.92%;\"><div class=\"fusion-column-wrapper fusion-column-has-shadow fusion-flex-justify-content-flex-start fusion-content-layout-column\"><div class=\"fusion-image-before-after-wrapper fusion-image-before-after-horizontal type-before-after hover-type-together fusion-image-before-after-wrapper-6\" style=\"--awb-handle-color:var(--awb-color8);--awb-font-size:14px;--awb-bordersize:0px;--awb-accent-color-bg:rgba(255,255,255,0.15);--awb-transition-time:0.5s;\"><div class=\"fusion-image-before-after-element fusion-image-before-after fusion-image-before-after-container fusion-image-before-after-6\" data-offset=\"0.5\" data-orientation=\"horizontal\" data-move-with-handle-only=\"true\" data-click-to-move=\"true\"><img decoding=\"async\" class=\"fusion-image-before-after-before\" src=\"https:\/\/stephanie-krahl.de\/balayage-haarverlaengerung-dresden\/\/wp-content\/uploads\/2024\/12\/2_vorher-1.jpg\" width=\"1536\" height=\"2048\"><img decoding=\"async\" class=\"fusion-image-before-after-after\" src=\"https:\/\/stephanie-krahl.de\/balayage-haarverlaengerung-dresden\/\/wp-content\/uploads\/2024\/12\/2_nachher-1.jpg\" width=\"1536\" height=\"2048\"><div class=\"fusion-image-before-after-handle fusion-image-before-after-handle-default\"><span class=\"fusion-image-before-after-left-arrow\"><\/span><span class=\"fusion-image-before-after-right-arrow\"><\/span><\/div><\/div><\/div><\/div><\/div><div class=\"fusion-layout-column fusion_builder_column fusion-builder-column-17 fusion-flex-column\" style=\"--awb-bg-size:cover;--awb-width-large:23%;--awb-margin-top-large:0px;--awb-spacing-right-large:8.3478260869565%;--awb-margin-bottom-large:20px;--awb-spacing-left-large:8.3478260869565%;--awb-width-medium:23%;--awb-order-medium:0;--awb-spacing-right-medium:8.3478260869565%;--awb-spacing-left-medium:8.3478260869565%;--awb-width-small:100%;--awb-order-small:0;--awb-spacing-right-small:1.92%;--awb-spacing-left-small:1.92%;\"><div class=\"fusion-column-wrapper fusion-column-has-shadow fusion-flex-justify-content-flex-start fusion-content-layout-column\"><div class=\"fusion-image-before-after-wrapper fusion-image-before-after-horizontal type-before-after hover-type-together fusion-image-before-after-wrapper-7\" style=\"--awb-handle-color:var(--awb-color8);--awb-font-size:14px;--awb-bordersize:0px;--awb-accent-color-bg:rgba(255,255,255,0.15);--awb-transition-time:0.5s;\"><div class=\"fusion-image-before-after-element fusion-image-before-after fusion-image-before-after-container fusion-image-before-after-7\" data-offset=\"0.5\" data-orientation=\"horizontal\" data-move-with-handle-only=\"true\" data-click-to-move=\"true\"><img decoding=\"async\" class=\"fusion-image-before-after-before\" src=\"https:\/\/stephanie-krahl.de\/balayage-haarverlaengerung-dresden\/\/wp-content\/uploads\/2024\/12\/3_vorher-1.jpg\" width=\"1536\" height=\"2048\"><img decoding=\"async\" class=\"fusion-image-before-after-after\" src=\"https:\/\/stephanie-krahl.de\/balayage-haarverlaengerung-dresden\/\/wp-content\/uploads\/2024\/12\/3_nachher-1.jpg\" width=\"1536\" height=\"2048\"><div class=\"fusion-image-before-after-handle fusion-image-before-after-handle-default\"><span class=\"fusion-image-before-after-left-arrow\"><\/span><span class=\"fusion-image-before-after-right-arrow\"><\/span><\/div><\/div><\/div><\/div><\/div><div class=\"fusion-layout-column fusion_builder_column fusion-builder-column-18 fusion-flex-column\" style=\"--awb-bg-size:cover;--awb-width-large:23%;--awb-margin-top-large:0px;--awb-spacing-right-large:8.3478260869565%;--awb-margin-bottom-large:20px;--awb-spacing-left-large:8.3478260869565%;--awb-width-medium:23%;--awb-order-medium:0;--awb-spacing-right-medium:8.3478260869565%;--awb-spacing-left-medium:8.3478260869565%;--awb-width-small:100%;--awb-order-small:0;--awb-spacing-right-small:1.92%;--awb-spacing-left-small:1.92%;\"><div class=\"fusion-column-wrapper fusion-column-has-shadow fusion-flex-justify-content-flex-start fusion-content-layout-column\"><div class=\"fusion-image-before-after-wrapper fusion-image-before-after-horizontal type-before-after hover-type-together fusion-image-before-after-wrapper-8\" style=\"--awb-handle-color:var(--awb-color8);--awb-font-size:14px;--awb-bordersize:0px;--awb-accent-color-bg:rgba(255,255,255,0.15);--awb-transition-time:0.5s;\"><div class=\"fusion-image-before-after-element fusion-image-before-after fusion-image-before-after-container fusion-image-before-after-8\" data-offset=\"0.5\" data-orientation=\"horizontal\" data-move-with-handle-only=\"true\" data-click-to-move=\"true\"><img decoding=\"async\" class=\"fusion-image-before-after-before\" src=\"https:\/\/stephanie-krahl.de\/balayage-haarverlaengerung-dresden\/\/wp-content\/uploads\/2024\/12\/4_vorher-1.jpg\" width=\"1536\" height=\"2048\"><img decoding=\"async\" class=\"fusion-image-before-after-after\" src=\"https:\/\/stephanie-krahl.de\/balayage-haarverlaengerung-dresden\/\/wp-content\/uploads\/2024\/12\/4_nachher-1.jpg\" width=\"1536\" height=\"2048\"><div class=\"fusion-image-before-after-handle fusion-image-before-after-handle-default\"><span class=\"fusion-image-before-after-left-arrow\"><\/span><span class=\"fusion-image-before-after-right-arrow\"><\/span><\/div><\/div><\/div><\/div><\/div><div class=\"fusion-layout-column fusion_builder_column fusion-builder-column-19 fusion_builder_column_1_1 1_1 fusion-flex-column\" style=\"--awb-bg-size:cover;--awb-width-large:100%;--awb-margin-top-large:30px;--awb-spacing-right-large:1.92%;--awb-margin-bottom-large:20px;--awb-spacing-left-large:1.92%;--awb-width-medium:100%;--awb-order-medium:0;--awb-spacing-right-medium:1.92%;--awb-spacing-left-medium:1.92%;--awb-width-small:100%;--awb-order-small:0;--awb-spacing-right-small:1.92%;--awb-spacing-left-small:1.92%;\"><div class=\"fusion-column-wrapper fusion-column-has-shadow fusion-flex-justify-content-flex-start fusion-content-layout-column\"><div style=\"text-align:center;\"><a class=\"fusion-button button-flat fusion-button-default-size button-default fusion-button-default button-5 fusion-button-default-span fusion-button-default-type\" style=\"--button-border-radius-top-left:0;--button-border-radius-top-right:0;--button-border-radius-bottom-right:0;--button-border-radius-bottom-left:0;\" target=\"_blank\" rel=\"noopener noreferrer\" href=\"https:\/\/yfvh.mitdenkt.io\/\"><span class=\"fusion-button-text\">Termin buchen<\/span><\/a><\/div><\/div><\/div><\/div><\/div><div class=\"fusion-fullwidth fullwidth-box fusion-builder-row-7 fusion-flex-container has-pattern-background has-mask-background nonhundred-percent-fullwidth non-hundred-percent-height-scrolling\" style=\"--awb-border-radius-top-left:0px;--awb-border-radius-top-right:0px;--awb-border-radius-bottom-right:0px;--awb-border-radius-bottom-left:0px;--awb-padding-bottom:0px;--awb-padding-top-small:40px;--awb-background-color:#000000;--awb-flex-wrap:wrap;\" ><div class=\"fusion-builder-row fusion-row fusion-flex-align-items-flex-start fusion-flex-content-wrap\" style=\"max-width:1248px;margin-left: calc(-4% \/ 2 );margin-right: calc(-4% \/ 2 );\"><div class=\"fusion-layout-column fusion_builder_column fusion-builder-column-20 fusion_builder_column_1_3 1_3 fusion-flex-column fusion-flex-align-self-stretch\" style=\"--awb-padding-top:30px;--awb-padding-right:30px;--awb-padding-bottom:30px;--awb-padding-left:30px;--awb-bg-color:var(--awb-color4);--awb-bg-color-hover:var(--awb-color4);--awb-bg-size:cover;--awb-width-large:33.333333333333%;--awb-margin-top-large:0px;--awb-spacing-right-large:5.76%;--awb-margin-bottom-large:20px;--awb-spacing-left-large:5.76%;--awb-width-medium:33.333333333333%;--awb-order-medium:0;--awb-spacing-right-medium:5.76%;--awb-spacing-left-medium:5.76%;--awb-width-small:100%;--awb-order-small:0;--awb-spacing-right-small:1.92%;--awb-spacing-left-small:1.92%;\"><div class=\"fusion-column-wrapper fusion-column-has-shadow fusion-flex-justify-content-flex-start fusion-content-layout-column\"><div style=\"--awb-active-color:#b59715;--awb-margin-bottom:20px;\" role=\"img\" class=\"awb-stars-rating awb-stars-rating-1 awb-stars-rating-no-text\" aria-label=\"Rating: 5,00 out of 5\"><div class=\"awb-stars-rating-icons-wrapper\"><i class=\"fa-star fas awb-stars-rating-filled-icon\"><\/i><i class=\"fa-star fas awb-stars-rating-filled-icon\"><\/i><i class=\"fa-star fas awb-stars-rating-filled-icon\"><\/i><i class=\"fa-star fas awb-stars-rating-filled-icon\"><\/i><i class=\"fa-star fas awb-stars-rating-filled-icon\"><\/i><\/div><\/div><div class=\"fusion-text fusion-text-11 fusion-text-no-margin\" style=\"--awb-text-color:var(--awb-color8);--awb-margin-bottom:1px;\"><p><b>C S<\/b><br \/>\n<span style=\"font-family: var(--awb-text-font-family); font-size: var(--awb-font-size); font-style: var(--awb-text-font-style); letter-spacing: var(--awb-letter-spacing); text-align: var(--awb-content-alignment); text-transform: var(--awb-text-transform);\">Ein absolutes Wohlf\u00fchlerlebnis! Tausend Dank an dich, liebe Stephanie und an die liebe Anne. Ihr habt mir einen unvergesslichen Tag bereitet und ein traumhaft nat\u00fcrliches Ergebnis gezaubert mit den Laurea Extensions. Ich bin begeistert&#8230;<\/span><\/p>\n<\/div><div ><a class=\"fusion-button button-flat fusion-button-default-size button-custom fusion-button-default button-6 fusion-button-default-span fusion-button-default-type\" style=\"--button_accent_color:var(--awb-color8);--button_accent_hover_color:var(--awb-color8);--button_border_hover_color:#ffffff;--button-border-radius-top-left:0;--button-border-radius-top-right:0;--button-border-radius-bottom-right:0;--button-border-radius-bottom-left:0;--button_gradient_top_color:#ccc9c8;--button_gradient_bottom_color:#ccc9c8;--button_gradient_top_color_hover:#bcb9b8;--button_gradient_bottom_color_hover:#bcb9b8;--button_padding-top:0px;--button_padding-right:0px;--button_padding-bottom:0px;--button_padding-left:0px;\" target=\"_self\" href=\"#\"><span class=\"fusion-button-text\">mehr lesen<\/span><\/a><\/div><\/div><\/div><div class=\"fusion-layout-column fusion_builder_column fusion-builder-column-21 fusion_builder_column_1_3 1_3 fusion-flex-column\" style=\"--awb-padding-top:30px;--awb-padding-right:30px;--awb-padding-bottom:30px;--awb-padding-left:30px;--awb-bg-color:var(--awb-color4);--awb-bg-color-hover:var(--awb-color4);--awb-bg-size:cover;--awb-width-large:33.333333333333%;--awb-margin-top-large:0px;--awb-spacing-right-large:5.76%;--awb-margin-bottom-large:20px;--awb-spacing-left-large:5.76%;--awb-width-medium:33.333333333333%;--awb-order-medium:0;--awb-spacing-right-medium:5.76%;--awb-spacing-left-medium:5.76%;--awb-width-small:100%;--awb-order-small:0;--awb-spacing-right-small:1.92%;--awb-spacing-left-small:1.92%;\"><div class=\"fusion-column-wrapper fusion-column-has-shadow fusion-flex-justify-content-flex-start fusion-content-layout-column\"><div style=\"--awb-active-color:#b59715;--awb-margin-bottom:20px;\" role=\"img\" class=\"awb-stars-rating awb-stars-rating-2 awb-stars-rating-no-text\" aria-label=\"Rating: 5,00 out of 5\"><div class=\"awb-stars-rating-icons-wrapper\"><i class=\"fa-star fas awb-stars-rating-filled-icon\"><\/i><i class=\"fa-star fas awb-stars-rating-filled-icon\"><\/i><i class=\"fa-star fas awb-stars-rating-filled-icon\"><\/i><i class=\"fa-star fas awb-stars-rating-filled-icon\"><\/i><i class=\"fa-star fas awb-stars-rating-filled-icon\"><\/i><\/div><\/div><div class=\"fusion-text fusion-text-12 fusion-text-no-margin\" style=\"--awb-text-color:var(--awb-color8);--awb-margin-bottom:1px;\"><p><b>Stefanie F.<\/b><br \/>Bin seit Jahren Kundin bei Stephanie und kann den Salon allen nur w\u00e4rmstens empfehlen. Man wird immer freundlich behandelt und verw\u00f6hnt. Bei Stephanie Krahl wird Perfektion gro\u00df geschrieben. Es werden nur die besten Haarprodukte und die besten Haarextentions&#8230;<\/p>\n<\/div><div ><a class=\"fusion-button button-flat fusion-button-default-size button-custom fusion-button-default button-7 fusion-button-default-span fusion-button-default-type\" style=\"--button_accent_color:var(--awb-color8);--button_accent_hover_color:var(--awb-color8);--button_border_hover_color:#ffffff;--button-border-radius-top-left:0;--button-border-radius-top-right:0;--button-border-radius-bottom-right:0;--button-border-radius-bottom-left:0;--button_gradient_top_color:#ccc9c8;--button_gradient_bottom_color:#ccc9c8;--button_gradient_top_color_hover:#bcb9b8;--button_gradient_bottom_color_hover:#bcb9b8;--button_padding-top:0px;--button_padding-right:0px;--button_padding-bottom:0px;--button_padding-left:0px;\" target=\"_self\" href=\"#\"><span class=\"fusion-button-text\">mehr lesen<\/span><\/a><\/div><\/div><\/div><div class=\"fusion-layout-column fusion_builder_column fusion-builder-column-22 fusion_builder_column_1_3 1_3 fusion-flex-column fusion-flex-align-self-stretch\" style=\"--awb-padding-top:30px;--awb-padding-right:30px;--awb-padding-bottom:30px;--awb-padding-left:30px;--awb-bg-color:var(--awb-color4);--awb-bg-color-hover:var(--awb-color4);--awb-bg-size:cover;--awb-width-large:33.333333333333%;--awb-margin-top-large:0px;--awb-spacing-right-large:5.76%;--awb-margin-bottom-large:20px;--awb-spacing-left-large:5.76%;--awb-width-medium:33.333333333333%;--awb-order-medium:0;--awb-spacing-right-medium:5.76%;--awb-spacing-left-medium:5.76%;--awb-width-small:100%;--awb-order-small:0;--awb-spacing-right-small:1.92%;--awb-spacing-left-small:1.92%;\"><div class=\"fusion-column-wrapper fusion-column-has-shadow fusion-flex-justify-content-flex-start fusion-content-layout-column\"><div style=\"--awb-active-color:#b59715;--awb-margin-bottom:20px;\" role=\"img\" class=\"awb-stars-rating awb-stars-rating-3 awb-stars-rating-no-text\" aria-label=\"Rating: 5,00 out of 5\"><div class=\"awb-stars-rating-icons-wrapper\"><i class=\"fa-star fas awb-stars-rating-filled-icon\"><\/i><i class=\"fa-star fas awb-stars-rating-filled-icon\"><\/i><i class=\"fa-star fas awb-stars-rating-filled-icon\"><\/i><i class=\"fa-star fas awb-stars-rating-filled-icon\"><\/i><i class=\"fa-star fas awb-stars-rating-filled-icon\"><\/i><\/div><\/div><div class=\"fusion-text fusion-text-13 fusion-text-no-margin\" style=\"--awb-text-color:var(--awb-color8);--awb-margin-bottom:1px;\"><p><b>Swen S.<\/b><br \/>Bester Friseursalon in dem wir je waren. Wir hatten Interesse an einer Haarverl\u00e4ngerung. Schon der Beratungstermin, eine Woche vorher, war sehr informativ. Es wurde sich viel Zeit genommen und auf jede Frage wurde detailliert eingegangen. Da wir uns bei diesem Thema&#8230;<\/p>\n<\/div><div ><a class=\"fusion-button button-flat fusion-button-default-size button-custom fusion-button-default button-8 fusion-button-default-span fusion-button-default-type\" style=\"--button_accent_color:var(--awb-color8);--button_accent_hover_color:var(--awb-color8);--button_border_hover_color:#ffffff;--button-border-radius-top-left:0;--button-border-radius-top-right:0;--button-border-radius-bottom-right:0;--button-border-radius-bottom-left:0;--button_gradient_top_color:#ccc9c8;--button_gradient_bottom_color:#ccc9c8;--button_gradient_top_color_hover:#bcb9b8;--button_gradient_bottom_color_hover:#bcb9b8;--button_padding-top:0px;--button_padding-right:0px;--button_padding-bottom:0px;--button_padding-left:0px;\" target=\"_self\" href=\"#\"><span class=\"fusion-button-text\">mehr lesen<\/span><\/a><\/div><\/div><\/div><div class=\"fusion-layout-column fusion_builder_column fusion-builder-column-23 fusion_builder_column_1_1 1_1 fusion-flex-column fusion-no-small-visibility\" style=\"--awb-bg-size:cover;--awb-width-large:100%;--awb-margin-top-large:0px;--awb-spacing-right-large:1.92%;--awb-margin-bottom-large:20px;--awb-spacing-left-large:1.92%;--awb-width-medium:100%;--awb-order-medium:0;--awb-spacing-right-medium:1.92%;--awb-spacing-left-medium:1.92%;--awb-width-small:100%;--awb-order-small:0;--awb-spacing-right-small:1.92%;--awb-spacing-left-small:1.92%;\"><div class=\"fusion-column-wrapper fusion-column-has-shadow fusion-flex-justify-content-flex-start fusion-content-layout-column\"><div class=\"fusion-image-element \" style=\"text-align:center;--awb-margin-top:40px;--awb-margin-bottom:35px;--awb-max-width:5px;--awb-caption-title-font-family:var(--h2_typography-font-family);--awb-caption-title-font-weight:var(--h2_typography-font-weight);--awb-caption-title-font-style:var(--h2_typography-font-style);--awb-caption-title-size:var(--h2_typography-font-size);--awb-caption-title-transform:var(--h2_typography-text-transform);--awb-caption-title-line-height:var(--h2_typography-line-height);--awb-caption-title-letter-spacing:var(--h2_typography-letter-spacing);\"><span class=\" fusion-imageframe imageframe-none imageframe-5 hover-type-none\"><img decoding=\"async\" width=\"10\" height=\"250\" title=\"Seperator_Senkrecht\" src=\"https:\/\/stephanie-krahl.de\/balayage-haarverlaengerung-dresden\/\/wp-content\/uploads\/2024\/12\/Seperator_Senkrecht.png\" alt class=\"img-responsive wp-image-3540\"\/><\/span><\/div><\/div><\/div><\/div><\/div><div id=\"rituale\" class=\"fusion-container-anchor\"><div class=\"fusion-fullwidth fullwidth-box fusion-builder-row-8 fusion-flex-container has-pattern-background has-mask-background nonhundred-percent-fullwidth non-hundred-percent-height-scrolling fusion-custom-z-index\" style=\"--awb-border-radius-top-left:0px;--awb-border-radius-top-right:0px;--awb-border-radius-bottom-right:0px;--awb-border-radius-bottom-left:0px;--awb-z-index:8;--awb-padding-top:0px;--awb-padding-bottom:0px;--awb-background-color:#000000;--awb-flex-wrap:wrap;\" ><div class=\"fusion-builder-row fusion-row fusion-flex-align-items-flex-start fusion-flex-content-wrap\" style=\"max-width:1248px;margin-left: calc(-4% \/ 2 );margin-right: calc(-4% \/ 2 );\"><div class=\"fusion-layout-column fusion_builder_column fusion-builder-column-24 fusion_builder_column_1_1 1_1 fusion-flex-column\" style=\"--awb-padding-top:50px;--awb-padding-right:50px;--awb-padding-bottom:30px;--awb-padding-left:50px;--awb-padding-top-small:30px;--awb-padding-right-small:30px;--awb-padding-bottom-small:30px;--awb-padding-left-small:30px;--awb-bg-color:var(--awb-color8);--awb-bg-color-hover:var(--awb-color8);--awb-bg-position:center center;--awb-bg-size:cover;--awb-width-large:100%;--awb-margin-top-large:0px;--awb-spacing-right-large:1.92%;--awb-margin-bottom-large:20px;--awb-spacing-left-large:1.92%;--awb-width-medium:100%;--awb-order-medium:0;--awb-spacing-right-medium:1.92%;--awb-spacing-left-medium:1.92%;--awb-width-small:100%;--awb-order-small:0;--awb-spacing-right-small:1.92%;--awb-spacing-left-small:1.92%;\"><div class=\"fusion-column-wrapper fusion-column-has-shadow fusion-flex-justify-content-flex-start fusion-content-layout-column\"><div class=\"fusion-builder-row fusion-builder-row-inner fusion-row fusion-flex-align-items-flex-start fusion-flex-content-wrap\" style=\"width:104% !important;max-width:104% !important;margin-left: calc(-4% \/ 2 );margin-right: calc(-4% \/ 2 );\"><div class=\"fusion-layout-column fusion_builder_column_inner fusion-builder-nested-column-4 fusion-flex-column fusion-flex-align-self-stretch\" style=\"--awb-bg-size:cover;--awb-width-large:30%;--awb-margin-top-large:0px;--awb-spacing-right-large:6.4%;--awb-margin-bottom-large:40px;--awb-spacing-left-large:6.4%;--awb-width-medium:30%;--awb-order-medium:0;--awb-spacing-right-medium:6.4%;--awb-spacing-left-medium:6.4%;--awb-width-small:100%;--awb-order-small:0;--awb-spacing-right-small:1.92%;--awb-spacing-left-small:1.92%;\"><div class=\"fusion-column-wrapper fusion-column-has-shadow fusion-flex-justify-content-center fusion-content-layout-column\"><div class=\"fusion-title title fusion-title-6 fusion-sep-none fusion-title-text fusion-title-size-two\" style=\"--awb-text-color:var(--awb-color4);--awb-margin-bottom:0px;\"><h2 class=\"fusion-title-heading title-heading-left\" style=\"margin:0;line-height:1;\">UNSERE<br \/>\nRITUALE<\/h2><\/div><\/div><\/div><div class=\"fusion-layout-column fusion_builder_column_inner fusion-builder-nested-column-5 fusion_builder_column_inner_2_3 2_3 fusion-flex-column fusion-flex-align-self-stretch fusion-no-small-visibility\" style=\"--awb-bg-size:cover;--awb-width-large:66.666666666667%;--awb-margin-top-large:0px;--awb-spacing-right-large:2.88%;--awb-margin-bottom-large:40px;--awb-spacing-left-large:2.88%;--awb-width-medium:66.666666666667%;--awb-order-medium:0;--awb-spacing-right-medium:2.88%;--awb-spacing-left-medium:2.88%;--awb-width-small:100%;--awb-order-small:0;--awb-spacing-right-small:1.92%;--awb-spacing-left-small:1.92%;\"><div class=\"fusion-column-wrapper fusion-column-has-shadow fusion-flex-justify-content-flex-end fusion-content-layout-row\"><div class=\"fusion-image-element \" style=\"--awb-margin-right:10px;--awb-margin-left:10px;--awb-margin-bottom-small:20px;--awb-max-width:210px;--awb-caption-title-font-family:var(--h2_typography-font-family);--awb-caption-title-font-weight:var(--h2_typography-font-weight);--awb-caption-title-font-style:var(--h2_typography-font-style);--awb-caption-title-size:var(--h2_typography-font-size);--awb-caption-title-transform:var(--h2_typography-text-transform);--awb-caption-title-line-height:var(--h2_typography-line-height);--awb-caption-title-letter-spacing:var(--h2_typography-letter-spacing);\"><span class=\" fusion-imageframe imageframe-none imageframe-6 hover-type-none\"><img decoding=\"async\" width=\"534\" height=\"377\" title=\"Bilder_UnsereRituale\" src=\"https:\/\/stephanie-krahl.de\/balayage-haarverlaengerung-dresden\/\/wp-content\/uploads\/2024\/12\/Bilder_UnsereRituale.jpg\" alt class=\"img-responsive wp-image-3532\" srcset=\"https:\/\/stephanie-krahl.de\/balayage-haarverlaengerung-dresden\/wp-content\/uploads\/2024\/12\/Bilder_UnsereRituale-200x141.jpg 200w, https:\/\/stephanie-krahl.de\/balayage-haarverlaengerung-dresden\/wp-content\/uploads\/2024\/12\/Bilder_UnsereRituale-400x282.jpg 400w, https:\/\/stephanie-krahl.de\/balayage-haarverlaengerung-dresden\/wp-content\/uploads\/2024\/12\/Bilder_UnsereRituale.jpg 534w\" sizes=\"(max-width: 640px) 100vw, 534px\" \/><\/span><\/div><div class=\"fusion-image-element \" style=\"--awb-margin-right:10px;--awb-margin-left:10px;--awb-margin-bottom-small:20px;--awb-max-width:210px;--awb-caption-title-font-family:var(--h2_typography-font-family);--awb-caption-title-font-weight:var(--h2_typography-font-weight);--awb-caption-title-font-style:var(--h2_typography-font-style);--awb-caption-title-size:var(--h2_typography-font-size);--awb-caption-title-transform:var(--h2_typography-text-transform);--awb-caption-title-line-height:var(--h2_typography-line-height);--awb-caption-title-letter-spacing:var(--h2_typography-letter-spacing);\"><span class=\" fusion-imageframe imageframe-none imageframe-7 hover-type-none\"><img decoding=\"async\" width=\"534\" height=\"377\" title=\"Bilder_UnsereRituale3\" src=\"https:\/\/stephanie-krahl.de\/balayage-haarverlaengerung-dresden\/\/wp-content\/uploads\/2024\/12\/Bilder_UnsereRituale3.jpg\" alt class=\"img-responsive wp-image-3534\" srcset=\"https:\/\/stephanie-krahl.de\/balayage-haarverlaengerung-dresden\/wp-content\/uploads\/2024\/12\/Bilder_UnsereRituale3-200x141.jpg 200w, https:\/\/stephanie-krahl.de\/balayage-haarverlaengerung-dresden\/wp-content\/uploads\/2024\/12\/Bilder_UnsereRituale3-400x282.jpg 400w, https:\/\/stephanie-krahl.de\/balayage-haarverlaengerung-dresden\/wp-content\/uploads\/2024\/12\/Bilder_UnsereRituale3.jpg 534w\" sizes=\"(max-width: 640px) 100vw, 534px\" \/><\/span><\/div><div class=\"fusion-image-element \" style=\"--awb-margin-right:10px;--awb-margin-left:10px;--awb-max-width:210px;--awb-caption-title-font-family:var(--h2_typography-font-family);--awb-caption-title-font-weight:var(--h2_typography-font-weight);--awb-caption-title-font-style:var(--h2_typography-font-style);--awb-caption-title-size:var(--h2_typography-font-size);--awb-caption-title-transform:var(--h2_typography-text-transform);--awb-caption-title-line-height:var(--h2_typography-line-height);--awb-caption-title-letter-spacing:var(--h2_typography-letter-spacing);\"><span class=\" fusion-imageframe imageframe-none imageframe-8 hover-type-none\"><img decoding=\"async\" width=\"534\" height=\"377\" title=\"Bilder_UnsereRituale2\" src=\"https:\/\/stephanie-krahl.de\/balayage-haarverlaengerung-dresden\/\/wp-content\/uploads\/2024\/12\/Bilder_UnsereRituale2.jpg\" alt class=\"img-responsive wp-image-3533\" srcset=\"https:\/\/stephanie-krahl.de\/balayage-haarverlaengerung-dresden\/wp-content\/uploads\/2024\/12\/Bilder_UnsereRituale2-200x141.jpg 200w, https:\/\/stephanie-krahl.de\/balayage-haarverlaengerung-dresden\/wp-content\/uploads\/2024\/12\/Bilder_UnsereRituale2-400x282.jpg 400w, https:\/\/stephanie-krahl.de\/balayage-haarverlaengerung-dresden\/wp-content\/uploads\/2024\/12\/Bilder_UnsereRituale2.jpg 534w\" sizes=\"(max-width: 640px) 100vw, 534px\" \/><\/span><\/div><\/div><\/div><div class=\"fusion-layout-column fusion_builder_column_inner fusion-builder-nested-column-6 fusion_builder_column_inner_2_3 2_3 fusion-flex-column fusion-flex-align-self-stretch fusion-no-medium-visibility fusion-no-large-visibility\" style=\"--awb-bg-size:cover;--awb-width-large:66.666666666667%;--awb-margin-top-large:0px;--awb-spacing-right-large:2.88%;--awb-margin-bottom-large:40px;--awb-spacing-left-large:2.88%;--awb-width-medium:66.666666666667%;--awb-order-medium:0;--awb-spacing-right-medium:2.88%;--awb-spacing-left-medium:2.88%;--awb-width-small:100%;--awb-order-small:0;--awb-spacing-right-small:1.92%;--awb-spacing-left-small:1.92%;\"><div class=\"fusion-column-wrapper fusion-column-has-shadow fusion-flex-justify-content-flex-start fusion-content-layout-column\"><div class=\"fusion-image-element \" style=\"--awb-margin-right:10px;--awb-margin-left:10px;--awb-margin-bottom-small:20px;--awb-caption-title-font-family:var(--h2_typography-font-family);--awb-caption-title-font-weight:var(--h2_typography-font-weight);--awb-caption-title-font-style:var(--h2_typography-font-style);--awb-caption-title-size:var(--h2_typography-font-size);--awb-caption-title-transform:var(--h2_typography-text-transform);--awb-caption-title-line-height:var(--h2_typography-line-height);--awb-caption-title-letter-spacing:var(--h2_typography-letter-spacing);\"><span class=\" fusion-imageframe imageframe-none imageframe-9 hover-type-none\"><img decoding=\"async\" width=\"534\" height=\"377\" title=\"Bilder_UnsereRituale\" src=\"https:\/\/stephanie-krahl.de\/balayage-haarverlaengerung-dresden\/\/wp-content\/uploads\/2024\/12\/Bilder_UnsereRituale.jpg\" alt class=\"img-responsive wp-image-3532\" srcset=\"https:\/\/stephanie-krahl.de\/balayage-haarverlaengerung-dresden\/wp-content\/uploads\/2024\/12\/Bilder_UnsereRituale-200x141.jpg 200w, https:\/\/stephanie-krahl.de\/balayage-haarverlaengerung-dresden\/wp-content\/uploads\/2024\/12\/Bilder_UnsereRituale-400x282.jpg 400w, https:\/\/stephanie-krahl.de\/balayage-haarverlaengerung-dresden\/wp-content\/uploads\/2024\/12\/Bilder_UnsereRituale.jpg 534w\" sizes=\"(max-width: 640px) 100vw, 534px\" \/><\/span><\/div><div class=\"fusion-image-element \" style=\"--awb-margin-right:10px;--awb-margin-left:10px;--awb-margin-bottom-small:20px;--awb-caption-title-font-family:var(--h2_typography-font-family);--awb-caption-title-font-weight:var(--h2_typography-font-weight);--awb-caption-title-font-style:var(--h2_typography-font-style);--awb-caption-title-size:var(--h2_typography-font-size);--awb-caption-title-transform:var(--h2_typography-text-transform);--awb-caption-title-line-height:var(--h2_typography-line-height);--awb-caption-title-letter-spacing:var(--h2_typography-letter-spacing);\"><span class=\" fusion-imageframe imageframe-none imageframe-10 hover-type-none\"><img decoding=\"async\" width=\"534\" height=\"377\" title=\"Bilder_UnsereRituale3\" src=\"https:\/\/stephanie-krahl.de\/balayage-haarverlaengerung-dresden\/\/wp-content\/uploads\/2024\/12\/Bilder_UnsereRituale3.jpg\" alt class=\"img-responsive wp-image-3534\" srcset=\"https:\/\/stephanie-krahl.de\/balayage-haarverlaengerung-dresden\/wp-content\/uploads\/2024\/12\/Bilder_UnsereRituale3-200x141.jpg 200w, https:\/\/stephanie-krahl.de\/balayage-haarverlaengerung-dresden\/wp-content\/uploads\/2024\/12\/Bilder_UnsereRituale3-400x282.jpg 400w, https:\/\/stephanie-krahl.de\/balayage-haarverlaengerung-dresden\/wp-content\/uploads\/2024\/12\/Bilder_UnsereRituale3.jpg 534w\" sizes=\"(max-width: 640px) 100vw, 534px\" \/><\/span><\/div><div class=\"fusion-image-element \" style=\"--awb-margin-right:10px;--awb-margin-left:10px;--awb-caption-title-font-family:var(--h2_typography-font-family);--awb-caption-title-font-weight:var(--h2_typography-font-weight);--awb-caption-title-font-style:var(--h2_typography-font-style);--awb-caption-title-size:var(--h2_typography-font-size);--awb-caption-title-transform:var(--h2_typography-text-transform);--awb-caption-title-line-height:var(--h2_typography-line-height);--awb-caption-title-letter-spacing:var(--h2_typography-letter-spacing);\"><span class=\" fusion-imageframe imageframe-none imageframe-11 hover-type-none\"><img decoding=\"async\" width=\"534\" height=\"377\" title=\"Bilder_UnsereRituale2\" src=\"https:\/\/stephanie-krahl.de\/balayage-haarverlaengerung-dresden\/\/wp-content\/uploads\/2024\/12\/Bilder_UnsereRituale2.jpg\" alt class=\"img-responsive wp-image-3533\" srcset=\"https:\/\/stephanie-krahl.de\/balayage-haarverlaengerung-dresden\/wp-content\/uploads\/2024\/12\/Bilder_UnsereRituale2-200x141.jpg 200w, https:\/\/stephanie-krahl.de\/balayage-haarverlaengerung-dresden\/wp-content\/uploads\/2024\/12\/Bilder_UnsereRituale2-400x282.jpg 400w, https:\/\/stephanie-krahl.de\/balayage-haarverlaengerung-dresden\/wp-content\/uploads\/2024\/12\/Bilder_UnsereRituale2.jpg 534w\" sizes=\"(max-width: 640px) 100vw, 534px\" \/><\/span><\/div><\/div><\/div><div class=\"fusion-layout-column fusion_builder_column_inner fusion-builder-nested-column-7 fusion_builder_column_inner_1_2 1_2 fusion-flex-column\" style=\"--awb-bg-size:cover;--awb-width-large:50%;--awb-margin-top-large:0px;--awb-spacing-right-large:3.84%;--awb-margin-bottom-large:0px;--awb-spacing-left-large:3.84%;--awb-width-medium:50%;--awb-order-medium:0;--awb-spacing-right-medium:3.84%;--awb-spacing-left-medium:3.84%;--awb-width-small:100%;--awb-order-small:0;--awb-spacing-right-small:1.92%;--awb-spacing-left-small:1.92%;\"><div class=\"fusion-column-wrapper fusion-column-has-shadow fusion-flex-justify-content-flex-start fusion-content-layout-column\"><div class=\"fusion-text fusion-text-14\"><p>Mit dem hochwertigen La Biosthetique Begr\u00fc\u00dfungstee aus biologischem Anbau hei\u00dfen wir Dich willkommen und beraten dich anschlie\u00dfend mit Hilfe der Check-in-Card. Eine Haar- und Kopfhautanalyse im Haarbereich sowie unsere Hautanalyse im Kosmetikbereich garantiert die Auswahl der richtigen Pflegeprodukte.<\/p>\n<\/div><\/div><\/div><div class=\"fusion-layout-column fusion_builder_column_inner fusion-builder-nested-column-8 fusion_builder_column_inner_1_2 1_2 fusion-flex-column\" style=\"--awb-bg-size:cover;--awb-width-large:50%;--awb-margin-top-large:0px;--awb-spacing-right-large:3.84%;--awb-margin-bottom-large:0px;--awb-spacing-left-large:3.84%;--awb-width-medium:50%;--awb-order-medium:0;--awb-spacing-right-medium:3.84%;--awb-spacing-left-medium:3.84%;--awb-width-small:100%;--awb-order-small:0;--awb-spacing-right-small:1.92%;--awb-spacing-left-small:1.92%;\"><div class=\"fusion-column-wrapper fusion-column-has-shadow fusion-flex-justify-content-flex-start fusion-content-layout-column\"><div class=\"fusion-text fusion-text-15\"><p>In unserer Waschlounge beginnt das Wohlf\u00fchlprogramm. Unter dem gro\u00dfen Lichtsegel ist Entspannung garantiert. Unsere Visarome Kopfmassage mit \u00e4therischen \u00d6len vitalisiert die Kopfhaut und ist f\u00fcr Sie ein Service zum besonderen Entspannen. Alle wichtigen Informationen zu Haut und Haar, auch die Empfehlungen f\u00fcr die Pflege Zuhause, notieren wir in der Betreuungskarte.<\/p>\n<\/div><\/div><\/div><div class=\"fusion-layout-column fusion_builder_column_inner fusion-builder-nested-column-9 fusion_builder_column_inner_1_1 1_1 fusion-flex-column\" style=\"--awb-bg-size:cover;--awb-width-large:100%;--awb-margin-top-large:20px;--awb-spacing-right-large:1.92%;--awb-margin-bottom-large:20px;--awb-spacing-left-large:1.92%;--awb-width-medium:100%;--awb-order-medium:0;--awb-spacing-right-medium:1.92%;--awb-spacing-left-medium:1.92%;--awb-width-small:100%;--awb-order-small:0;--awb-spacing-right-small:1.92%;--awb-spacing-left-small:1.92%;\"><div class=\"fusion-column-wrapper fusion-column-has-shadow fusion-flex-justify-content-flex-start fusion-content-layout-column\"><div ><a class=\"fusion-button button-flat fusion-button-default-size button-default fusion-button-default button-9 fusion-button-default-span fusion-button-default-type\" style=\"--button-border-radius-top-left:0;--button-border-radius-top-right:0;--button-border-radius-bottom-right:0;--button-border-radius-bottom-left:0;\" target=\"_self\" href=\"https:\/\/yfvh.mitdenkt.io\"><span class=\"fusion-button-text\">Termin buchen<\/span><\/a><\/div><\/div><\/div><\/div><\/div><\/div><\/div><\/div><\/div><div id=\"team\" class=\"fusion-container-anchor\"><div class=\"fusion-fullwidth fullwidth-box fusion-builder-row-9 fusion-flex-container has-pattern-background has-mask-background nonhundred-percent-fullwidth non-hundred-percent-height-scrolling\" style=\"--awb-border-radius-top-left:0px;--awb-border-radius-top-right:0px;--awb-border-radius-bottom-right:0px;--awb-border-radius-bottom-left:0px;--awb-padding-top:0px;--awb-padding-bottom:40px;--awb-background-color:#000000;--awb-flex-wrap:wrap;\" ><div class=\"fusion-builder-row fusion-row fusion-flex-align-items-flex-start fusion-flex-justify-content-center fusion-flex-content-wrap\" style=\"max-width:1248px;margin-left: calc(-4% \/ 2 );margin-right: calc(-4% \/ 2 );\"><div class=\"fusion-layout-column fusion_builder_column fusion-builder-column-25 fusion_builder_column_1_1 1_1 fusion-flex-column\" style=\"--awb-bg-size:cover;--awb-width-large:100%;--awb-margin-top-large:0px;--awb-spacing-right-large:1.92%;--awb-margin-bottom-large:20px;--awb-spacing-left-large:1.92%;--awb-width-medium:100%;--awb-order-medium:0;--awb-spacing-right-medium:1.92%;--awb-spacing-left-medium:1.92%;--awb-width-small:100%;--awb-order-small:0;--awb-spacing-right-small:1.92%;--awb-spacing-left-small:1.92%;\"><div class=\"fusion-column-wrapper fusion-column-has-shadow fusion-flex-justify-content-flex-start fusion-content-layout-column\"><div class=\"fusion-image-element fusion-no-small-visibility\" style=\"text-align:center;--awb-margin-top:40px;--awb-margin-bottom:10px;--awb-max-width:5px;--awb-caption-title-font-family:var(--h2_typography-font-family);--awb-caption-title-font-weight:var(--h2_typography-font-weight);--awb-caption-title-font-style:var(--h2_typography-font-style);--awb-caption-title-size:var(--h2_typography-font-size);--awb-caption-title-transform:var(--h2_typography-text-transform);--awb-caption-title-line-height:var(--h2_typography-line-height);--awb-caption-title-letter-spacing:var(--h2_typography-letter-spacing);\"><span class=\" fusion-imageframe imageframe-none imageframe-12 hover-type-none\"><img decoding=\"async\" width=\"10\" height=\"250\" title=\"Seperator_Senkrecht\" src=\"https:\/\/stephanie-krahl.de\/balayage-haarverlaengerung-dresden\/\/wp-content\/uploads\/2024\/12\/Seperator_Senkrecht.png\" alt class=\"img-responsive wp-image-3540\"\/><\/span><\/div><div class=\"fusion-title title fusion-title-7 fusion-sep-none fusion-title-center fusion-title-text fusion-title-size-two\"><h2 class=\"fusion-title-heading title-heading-center\" style=\"margin:0;\">THAT\u00b4S ME<\/h2><\/div><\/div><\/div><div class=\"fusion-layout-column fusion_builder_column fusion-builder-column-26 fusion_builder_column_2_5 2_5 fusion-flex-column\" style=\"--awb-bg-size:cover;--awb-width-large:40%;--awb-margin-top-large:0px;--awb-spacing-right-large:4.8%;--awb-margin-bottom-large:20px;--awb-spacing-left-large:4.8%;--awb-width-medium:40%;--awb-order-medium:0;--awb-spacing-right-medium:4.8%;--awb-spacing-left-medium:4.8%;--awb-width-small:100%;--awb-order-small:0;--awb-spacing-right-small:1.92%;--awb-spacing-left-small:1.92%;\"><div class=\"fusion-column-wrapper fusion-column-has-shadow fusion-flex-justify-content-flex-start fusion-content-layout-column\"><div class=\"fusion-image-element \" style=\"--awb-aspect-ratio: 100 \/ 100;--awb-object-position:54% 16%;--awb-margin-bottom:10px;--awb-caption-title-font-family:var(--h2_typography-font-family);--awb-caption-title-font-weight:var(--h2_typography-font-weight);--awb-caption-title-font-style:var(--h2_typography-font-style);--awb-caption-title-size:var(--h2_typography-font-size);--awb-caption-title-transform:var(--h2_typography-text-transform);--awb-caption-title-line-height:var(--h2_typography-line-height);--awb-caption-title-letter-spacing:var(--h2_typography-letter-spacing);\"><span class=\" fusion-imageframe imageframe-none imageframe-13 hover-type-none has-aspect-ratio\"><img decoding=\"async\" width=\"550\" height=\"750\" title=\"Bilder_Team\" src=\"https:\/\/stephanie-krahl.de\/balayage-haarverlaengerung-dresden\/\/wp-content\/uploads\/2024\/12\/Bilder_Team.jpg\" class=\"img-responsive wp-image-3528 img-with-aspect-ratio\" alt srcset=\"https:\/\/stephanie-krahl.de\/balayage-haarverlaengerung-dresden\/wp-content\/uploads\/2024\/12\/Bilder_Team-200x273.jpg 200w, https:\/\/stephanie-krahl.de\/balayage-haarverlaengerung-dresden\/wp-content\/uploads\/2024\/12\/Bilder_Team-400x545.jpg 400w, https:\/\/stephanie-krahl.de\/balayage-haarverlaengerung-dresden\/wp-content\/uploads\/2024\/12\/Bilder_Team.jpg 550w\" sizes=\"(max-width: 640px) 100vw, 550px\" \/><\/span><\/div><div class=\"fusion-text fusion-text-16 fusion-text-no-margin\" style=\"--awb-letter-spacing:2px;--awb-margin-bottom:0px;--awb-text-font-family:&quot;Montserrat&quot;;--awb-text-font-style:normal;--awb-text-font-weight:500;\"><p>STEPHANIE<\/p>\n<\/div><div class=\"fusion-text fusion-text-17\" style=\"--awb-line-height:1.5;\"><p>Inhaberin<br \/>\nMasterstylistin<\/p>\n<\/div><\/div><\/div><div class=\"fusion-layout-column fusion_builder_column fusion-builder-column-27 fusion_builder_column_1_1 1_1 fusion-flex-column\" style=\"--awb-bg-size:cover;--awb-width-large:100%;--awb-margin-top-large:30px;--awb-spacing-right-large:1.92%;--awb-margin-bottom-large:20px;--awb-spacing-left-large:1.92%;--awb-width-medium:100%;--awb-order-medium:0;--awb-spacing-right-medium:1.92%;--awb-spacing-left-medium:1.92%;--awb-width-small:100%;--awb-order-small:0;--awb-spacing-right-small:1.92%;--awb-spacing-left-small:1.92%;\"><div class=\"fusion-column-wrapper fusion-column-has-shadow fusion-flex-justify-content-flex-start fusion-content-layout-column\"><div style=\"text-align:center;\"><a class=\"fusion-button button-flat fusion-button-default-size button-default fusion-button-default button-10 fusion-button-default-span fusion-button-default-type\" style=\"--button-border-radius-top-left:0;--button-border-radius-top-right:0;--button-border-radius-bottom-right:0;--button-border-radius-bottom-left:0;\" target=\"_self\" href=\"https:\/\/yfvh.mitdenkt.io\"><span class=\"fusion-button-text\">Termin buchen<\/span><\/a><\/div><\/div><\/div><\/div><\/div><\/div><div class=\"fusion-fullwidth fullwidth-box fusion-builder-row-10 fusion-flex-container has-pattern-background has-mask-background nonhundred-percent-fullwidth non-hundred-percent-height-scrolling\" style=\"--awb-border-radius-top-left:0px;--awb-border-radius-top-right:0px;--awb-border-radius-bottom-right:0px;--awb-border-radius-bottom-left:0px;--awb-padding-top:0px;--awb-padding-bottom:40px;--awb-background-color:#000000;--awb-flex-wrap:wrap;\" ><div class=\"fusion-builder-row fusion-row fusion-flex-align-items-flex-start fusion-flex-content-wrap\" style=\"max-width:1248px;margin-left: calc(-4% \/ 2 );margin-right: calc(-4% \/ 2 );\"><div class=\"fusion-layout-column fusion_builder_column fusion-builder-column-28 fusion_builder_column_1_1 1_1 fusion-flex-column\" style=\"--awb-bg-size:cover;--awb-width-large:100%;--awb-margin-top-large:0px;--awb-spacing-right-large:1.92%;--awb-margin-bottom-large:40px;--awb-spacing-left-large:1.92%;--awb-width-medium:100%;--awb-order-medium:0;--awb-spacing-right-medium:1.92%;--awb-spacing-left-medium:1.92%;--awb-width-small:100%;--awb-order-small:0;--awb-spacing-right-small:1.92%;--awb-spacing-left-small:1.92%;\"><div class=\"fusion-column-wrapper fusion-column-has-shadow fusion-flex-justify-content-flex-start fusion-content-layout-column\"><div class=\"fusion-image-element fusion-no-small-visibility\" style=\"text-align:center;--awb-margin-top:0px;--awb-margin-bottom:20px;--awb-max-width:5px;--awb-caption-title-font-family:var(--h2_typography-font-family);--awb-caption-title-font-weight:var(--h2_typography-font-weight);--awb-caption-title-font-style:var(--h2_typography-font-style);--awb-caption-title-size:var(--h2_typography-font-size);--awb-caption-title-transform:var(--h2_typography-text-transform);--awb-caption-title-line-height:var(--h2_typography-line-height);--awb-caption-title-letter-spacing:var(--h2_typography-letter-spacing);\"><span class=\" fusion-imageframe imageframe-none imageframe-14 hover-type-none\"><img decoding=\"async\" width=\"10\" height=\"250\" title=\"Seperator_Senkrecht\" src=\"https:\/\/stephanie-krahl.de\/balayage-haarverlaengerung-dresden\/\/wp-content\/uploads\/2024\/12\/Seperator_Senkrecht.png\" alt class=\"img-responsive wp-image-3540\"\/><\/span><\/div><div class=\"fusion-title title fusion-title-8 fusion-sep-none fusion-title-center fusion-title-text fusion-title-size-two\"><h2 class=\"fusion-title-heading title-heading-center\" style=\"margin:0;\">PHILOSOPHY<\/h2><\/div><\/div><\/div><div class=\"fusion-layout-column fusion_builder_column fusion-builder-column-29 fusion_builder_column_1_2 1_2 fusion-flex-column fusion-flex-align-self-stretch\" style=\"--awb-padding-top:100px;--awb-padding-right:50px;--awb-padding-bottom:100px;--awb-padding-left:50px;--awb-bg-image:url(&#039;https:\/\/stephanie-krahl.de\/balayage-haarverlaengerung-dresden\/\/wp-content\/uploads\/2024\/12\/Bilder_Philosophy.jpg&#039;);--awb-bg-size:cover;--awb-width-large:50%;--awb-margin-top-large:0px;--awb-spacing-right-large:3.84%;--awb-margin-bottom-large:40px;--awb-spacing-left-large:3.84%;--awb-width-medium:50%;--awb-order-medium:0;--awb-spacing-right-medium:3.84%;--awb-spacing-left-medium:3.84%;--awb-width-small:100%;--awb-order-small:0;--awb-spacing-right-small:1.92%;--awb-spacing-left-small:1.92%;\"><div class=\"fusion-column-wrapper fusion-column-has-shadow fusion-flex-justify-content-center fusion-content-layout-column fusion-column-has-bg-image\" data-bg-url=\"https:\/\/stephanie-krahl.de\/balayage-haarverlaengerung-dresden\/\/wp-content\/uploads\/2024\/12\/Bilder_Philosophy.jpg\"><div class=\"fusion-title title fusion-title-9 fusion-sep-none fusion-title-center fusion-title-text fusion-title-size-four\"><h4 class=\"fusion-title-heading title-heading-center\" style=\"margin:0;\">UNSERE BERATUNG<\/h4><\/div><div class=\"fusion-text fusion-text-18\" style=\"--awb-content-alignment:center;\"><p>Damit Sie Haut und Haar auch Zuhause wirkungsvoll pflegen k\u00f6nnen, beraten und betreuen wir Sie mit unserer Kompetenz und unserer Erfahrung als Haar- &amp; Beautyexperten.<\/p>\n<\/div><\/div><\/div><div class=\"fusion-layout-column fusion_builder_column fusion-builder-column-30 fusion_builder_column_1_2 1_2 fusion-flex-column fusion-flex-align-self-stretch\" style=\"--awb-padding-top:100px;--awb-padding-right:50px;--awb-padding-bottom:100px;--awb-padding-left:50px;--awb-bg-image:url(&#039;https:\/\/stephanie-krahl.de\/balayage-haarverlaengerung-dresden\/\/wp-content\/uploads\/2024\/12\/Bilder_Philosophy2.jpg&#039;);--awb-bg-size:cover;--awb-width-large:50%;--awb-margin-top-large:0px;--awb-spacing-right-large:3.84%;--awb-margin-bottom-large:40px;--awb-spacing-left-large:3.84%;--awb-width-medium:50%;--awb-order-medium:0;--awb-spacing-right-medium:3.84%;--awb-spacing-left-medium:3.84%;--awb-width-small:100%;--awb-order-small:0;--awb-spacing-right-small:1.92%;--awb-spacing-left-small:1.92%;\"><div class=\"fusion-column-wrapper fusion-column-has-shadow fusion-flex-justify-content-center fusion-content-layout-column fusion-column-has-bg-image\" data-bg-url=\"https:\/\/stephanie-krahl.de\/balayage-haarverlaengerung-dresden\/\/wp-content\/uploads\/2024\/12\/Bilder_Philosophy2.jpg\"><div class=\"fusion-title title fusion-title-10 fusion-sep-none fusion-title-center fusion-title-text fusion-title-size-four\"><h4 class=\"fusion-title-heading title-heading-center\" style=\"margin:0;\">UNSER SORTIMENT<\/h4><\/div><div class=\"fusion-text fusion-text-19\" style=\"--awb-content-alignment:center;\"><p>Dienstleistung und Produkt geh\u00f6ren zusammen. Beide gemeinsam garantieren den Behandlungserfolg. Wir arbeiten ausschlie\u00dflich mit den exklusiven Produkten von La Biosth\u00e9tique und GOLD Haircare.<\/p>\n<\/div><\/div><\/div><div class=\"fusion-layout-column fusion_builder_column fusion-builder-column-31 fusion_builder_column_1_2 1_2 fusion-flex-column fusion-flex-align-self-stretch\" style=\"--awb-padding-top:100px;--awb-padding-right:50px;--awb-padding-bottom:100px;--awb-padding-left:50px;--awb-bg-image:url(&#039;https:\/\/stephanie-krahl.de\/balayage-haarverlaengerung-dresden\/\/wp-content\/uploads\/2024\/12\/Bilder_Philosophy3.jpg&#039;);--awb-bg-size:cover;--awb-width-large:50%;--awb-margin-top-large:0px;--awb-spacing-right-large:3.84%;--awb-margin-bottom-large:20px;--awb-spacing-left-large:3.84%;--awb-width-medium:50%;--awb-order-medium:0;--awb-spacing-right-medium:3.84%;--awb-spacing-left-medium:3.84%;--awb-width-small:100%;--awb-order-small:0;--awb-spacing-right-small:1.92%;--awb-spacing-left-small:1.92%;\"><div class=\"fusion-column-wrapper fusion-column-has-shadow fusion-flex-justify-content-center fusion-content-layout-column fusion-column-has-bg-image\" data-bg-url=\"https:\/\/stephanie-krahl.de\/balayage-haarverlaengerung-dresden\/\/wp-content\/uploads\/2024\/12\/Bilder_Philosophy3.jpg\"><div class=\"fusion-title title fusion-title-11 fusion-sep-none fusion-title-center fusion-title-text fusion-title-size-four\"><h4 class=\"fusion-title-heading title-heading-center\" style=\"margin:0;\">UNSERE LEISTUNG<\/h4><\/div><div class=\"fusion-text fusion-text-20\" style=\"--awb-content-alignment:center;\"><p>Der Erfolg unseres Salons basiert auf hochwertigen Dienstleistungen f\u00fcr sch\u00f6nes Haar und gepflegte Haut, professioneller Beratung und Betreuung unserer Kunden mit gr\u00f6\u00dfter Sorgfalt.<\/p>\n<\/div><\/div><\/div><div class=\"fusion-layout-column fusion_builder_column fusion-builder-column-32 fusion_builder_column_1_2 1_2 fusion-flex-column fusion-flex-align-self-stretch\" style=\"--awb-padding-top:100px;--awb-padding-right:50px;--awb-padding-bottom:100px;--awb-padding-left:50px;--awb-bg-image:url(&#039;https:\/\/stephanie-krahl.de\/balayage-haarverlaengerung-dresden\/\/wp-content\/uploads\/2024\/12\/Bilder_Philosophy.jpg&#039;);--awb-bg-size:cover;--awb-width-large:50%;--awb-margin-top-large:0px;--awb-spacing-right-large:3.84%;--awb-margin-bottom-large:20px;--awb-spacing-left-large:3.84%;--awb-width-medium:50%;--awb-order-medium:0;--awb-spacing-right-medium:3.84%;--awb-spacing-left-medium:3.84%;--awb-width-small:100%;--awb-order-small:0;--awb-spacing-right-small:1.92%;--awb-spacing-left-small:1.92%;\"><div class=\"fusion-column-wrapper fusion-column-has-shadow fusion-flex-justify-content-center fusion-content-layout-column fusion-column-has-bg-image\" data-bg-url=\"https:\/\/stephanie-krahl.de\/balayage-haarverlaengerung-dresden\/\/wp-content\/uploads\/2024\/12\/Bilder_Philosophy.jpg\"><div class=\"fusion-title title fusion-title-12 fusion-sep-none fusion-title-center fusion-title-text fusion-title-size-four\"><h4 class=\"fusion-title-heading title-heading-center\" style=\"margin:0;\">UNSERE MITARBEITER<\/h4><\/div><div class=\"fusion-text fusion-text-21\" style=\"--awb-content-alignment:center;\"><p>Einzeln und gemeinsam als Team stellen wir unsere fachliche Kompetenz sicher, indem wir uns extern wie intern st\u00e4ndig weiterbilden und voneinander lernen. Gemeinsam sind WIR die kreativen K\u00f6pfe von STEPHANIE KRAHL.<\/p>\n<\/div><\/div><\/div><div class=\"fusion-layout-column fusion_builder_column fusion-builder-column-33 fusion_builder_column_1_1 1_1 fusion-flex-column\" style=\"--awb-bg-size:cover;--awb-width-large:100%;--awb-margin-top-large:30px;--awb-spacing-right-large:1.92%;--awb-margin-bottom-large:20px;--awb-spacing-left-large:1.92%;--awb-width-medium:100%;--awb-order-medium:0;--awb-spacing-right-medium:1.92%;--awb-spacing-left-medium:1.92%;--awb-width-small:100%;--awb-order-small:0;--awb-spacing-right-small:1.92%;--awb-spacing-left-small:1.92%;\"><div class=\"fusion-column-wrapper fusion-column-has-shadow fusion-flex-justify-content-flex-start fusion-content-layout-column\"><div style=\"text-align:center;\"><a class=\"fusion-button button-flat fusion-button-default-size button-default fusion-button-default button-11 fusion-button-default-span fusion-button-default-type\" style=\"--button-border-radius-top-left:0;--button-border-radius-top-right:0;--button-border-radius-bottom-right:0;--button-border-radius-bottom-left:0;\" target=\"_blank\" rel=\"noopener noreferrer\" href=\"https:\/\/yfvh.mitdenkt.io\"><span class=\"fusion-button-text\">Termin buchen<\/span><\/a><\/div><\/div><\/div><\/div><\/div><div id=\"jobs\" class=\"fusion-container-anchor\"><div class=\"fusion-fullwidth fullwidth-box fusion-builder-row-11 fusion-flex-container has-pattern-background has-mask-background nonhundred-percent-fullwidth non-hundred-percent-height-scrolling\" style=\"--awb-border-radius-top-left:0px;--awb-border-radius-top-right:0px;--awb-border-radius-bottom-right:0px;--awb-border-radius-bottom-left:0px;--awb-padding-top:0px;--awb-padding-bottom:40px;--awb-padding-bottom-small:0px;--awb-background-color:#000000;--awb-flex-wrap:wrap;\" ><div class=\"fusion-builder-row fusion-row fusion-flex-align-items-flex-start fusion-flex-content-wrap\" style=\"max-width:1248px;margin-left: calc(-4% \/ 2 );margin-right: calc(-4% \/ 2 );\"><div class=\"fusion-layout-column fusion_builder_column fusion-builder-column-34 fusion_builder_column_1_1 1_1 fusion-flex-column\" style=\"--awb-bg-size:cover;--awb-width-large:100%;--awb-margin-top-large:0px;--awb-spacing-right-large:1.92%;--awb-margin-bottom-large:40px;--awb-spacing-left-large:1.92%;--awb-width-medium:100%;--awb-order-medium:0;--awb-spacing-right-medium:1.92%;--awb-spacing-left-medium:1.92%;--awb-width-small:100%;--awb-order-small:0;--awb-spacing-right-small:1.92%;--awb-spacing-left-small:1.92%;\"><div class=\"fusion-column-wrapper fusion-column-has-shadow fusion-flex-justify-content-flex-start fusion-content-layout-column\"><div class=\"fusion-image-element fusion-no-small-visibility\" style=\"text-align:center;--awb-margin-top:0px;--awb-margin-bottom:35px;--awb-max-width:5px;--awb-caption-title-font-family:var(--h2_typography-font-family);--awb-caption-title-font-weight:var(--h2_typography-font-weight);--awb-caption-title-font-style:var(--h2_typography-font-style);--awb-caption-title-size:var(--h2_typography-font-size);--awb-caption-title-transform:var(--h2_typography-text-transform);--awb-caption-title-line-height:var(--h2_typography-line-height);--awb-caption-title-letter-spacing:var(--h2_typography-letter-spacing);\"><span class=\" fusion-imageframe imageframe-none imageframe-15 hover-type-none\"><img decoding=\"async\" width=\"10\" height=\"250\" title=\"Seperator_Senkrecht\" src=\"https:\/\/stephanie-krahl.de\/balayage-haarverlaengerung-dresden\/\/wp-content\/uploads\/2024\/12\/Seperator_Senkrecht.png\" alt class=\"img-responsive wp-image-3540\"\/><\/span><\/div><div class=\"fusion-title title fusion-title-13 fusion-sep-none fusion-title-center fusion-title-text fusion-title-size-two\"><h2 class=\"fusion-title-heading title-heading-center\" style=\"margin:0;\">JOBS<\/h2><\/div><\/div><\/div><div class=\"fusion-layout-column fusion_builder_column fusion-builder-column-35 fusion_builder_column_1_2 1_2 fusion-flex-column fusion-flex-align-self-stretch\" style=\"--awb-bg-size:cover;--awb-width-large:50%;--awb-margin-top-large:0px;--awb-spacing-right-large:3.84%;--awb-margin-bottom-large:20px;--awb-spacing-left-large:3.84%;--awb-width-medium:50%;--awb-order-medium:0;--awb-spacing-right-medium:3.84%;--awb-spacing-left-medium:3.84%;--awb-width-small:100%;--awb-order-small:0;--awb-spacing-right-small:1.92%;--awb-spacing-left-small:1.92%;\"><div class=\"fusion-column-wrapper fusion-column-has-shadow fusion-flex-justify-content-center fusion-content-layout-column\"><div class=\"accordian fusion-accordian\" style=\"--awb-padding-top:5px;--awb-padding-bottom:5px;--awb-border-size:1px;--awb-icon-size:16px;--awb-content-font-size:var(--awb-typography4-font-size);--awb-icon-alignment:left;--awb-hover-color:#f9f9fb;--awb-border-color:#e2e2e2;--awb-background-color:#ffffff;--awb-divider-color:var(--awb-color3);--awb-divider-hover-color:var(--awb-color3);--awb-icon-color:#ffffff;--awb-title-color:var(--awb-color1);--awb-content-color:var(--awb-color1);--awb-icon-box-color:#ffffff;--awb-toggle-hover-accent-color:var(--awb-color1);--awb-title-font-family:&quot;Montserrat&quot;;--awb-title-font-weight:200;--awb-title-font-style:normal;--awb-title-font-size:14px;--awb-content-font-family:&quot;Montserrat&quot;;--awb-content-font-style:normal;--awb-content-font-weight:100;\"><div class=\"panel-group fusion-toggle-icon-unboxed\" id=\"accordion-9-1\"><div class=\"fusion-panel panel-default panel-e087b92951a795e02 fusion-toggle-has-divider\"><div class=\"panel-heading\"><h4 class=\"panel-title toggle\" id=\"toggle_e087b92951a795e02\"><a aria-expanded=\"false\" aria-controls=\"e087b92951a795e02\" role=\"button\" data-toggle=\"collapse\" data-parent=\"#accordion-9-1\" data-target=\"#e087b92951a795e02\" href=\"#e087b92951a795e02\"><span class=\"fusion-toggle-icon-wrapper\" aria-hidden=\"true\"><i class=\"fa-fusion-box active-icon awb-icon-minus\" aria-hidden=\"true\"><\/i><i class=\"fa-fusion-box inactive-icon awb-icon-plus\" aria-hidden=\"true\"><\/i><\/span><span class=\"fusion-toggle-heading\">FRISEUR\/IN IN TEIL- UND VOLLZEIT<\/span><\/a><\/h4><\/div><div id=\"e087b92951a795e02\" class=\"panel-collapse collapse \" aria-labelledby=\"toggle_e087b92951a795e02\"><div class=\"panel-body toggle-content fusion-clearfix\"><\/div><\/div><\/div><div class=\"fusion-panel panel-default panel-c99380a9f25d75e02 fusion-toggle-has-divider\"><div class=\"panel-heading\"><h4 class=\"panel-title toggle\" id=\"toggle_c99380a9f25d75e02\"><a aria-expanded=\"false\" aria-controls=\"c99380a9f25d75e02\" role=\"button\" data-toggle=\"collapse\" data-parent=\"#accordion-9-1\" data-target=\"#c99380a9f25d75e02\" href=\"#c99380a9f25d75e02\"><span class=\"fusion-toggle-icon-wrapper\" aria-hidden=\"true\"><i class=\"fa-fusion-box active-icon awb-icon-minus\" aria-hidden=\"true\"><\/i><i class=\"fa-fusion-box inactive-icon awb-icon-plus\" aria-hidden=\"true\"><\/i><\/span><span class=\"fusion-toggle-heading\">FRISEURMEISTER\/-IN IN VOLLZEIT<\/span><\/a><\/h4><\/div><div id=\"c99380a9f25d75e02\" class=\"panel-collapse collapse \" aria-labelledby=\"toggle_c99380a9f25d75e02\"><div class=\"panel-body toggle-content fusion-clearfix\"><\/div><\/div><\/div><\/div><\/div><\/div><\/div><div class=\"fusion-layout-column fusion_builder_column fusion-builder-column-36 fusion_builder_column_1_2 1_2 fusion-flex-column fusion-flex-align-self-stretch\" style=\"--awb-padding-top:30px;--awb-padding-right:30px;--awb-padding-bottom:30px;--awb-padding-left:30px;--awb-bg-color:var(--awb-color8);--awb-bg-color-hover:var(--awb-color8);--awb-bg-size:cover;--awb-width-large:50%;--awb-margin-top-large:0px;--awb-spacing-right-large:3.84%;--awb-margin-bottom-large:20px;--awb-spacing-left-large:3.84%;--awb-width-medium:50%;--awb-order-medium:0;--awb-spacing-right-medium:3.84%;--awb-spacing-left-medium:3.84%;--awb-width-small:100%;--awb-order-small:0;--awb-spacing-right-small:1.92%;--awb-spacing-left-small:1.92%;\"><div class=\"fusion-column-wrapper fusion-column-has-shadow fusion-flex-justify-content-flex-start fusion-content-layout-column\"><div class=\"fusion-text fusion-text-22 fusion-text-no-margin\" style=\"--awb-margin-bottom:0px;\"><p><b>DEINE BENEFITS<\/b><\/p>\n<\/div><ul style=\"--awb-item-padding-top:0px;--awb-item-padding-bottom:0px;--awb-textcolor:var(--awb-color1);--awb-line-height:27.2px;--awb-icon-width:27.2px;--awb-icon-height:27.2px;--awb-icon-margin:11.2px;--awb-content-margin:38.4px;\" class=\"fusion-checklist fusion-checklist-2 type-icons\"><li class=\"fusion-li-item\" style=\"\"><span class=\"icon-wrapper circle-no\"><i class=\"fusion-li-icon awb-icon-check\" aria-hidden=\"true\"><\/i><\/span><div class=\"fusion-li-item-content\">4-Tage-Woche<\/div><\/li><li class=\"fusion-li-item\" style=\"\"><span class=\"icon-wrapper circle-no\"><i class=\"fusion-li-icon awb-icon-check\" aria-hidden=\"true\"><\/i><\/span><div class=\"fusion-li-item-content\">Jeden Samstag frei<\/div><\/li><li class=\"fusion-li-item\" style=\"\"><span class=\"icon-wrapper circle-no\"><i class=\"fusion-li-icon awb-icon-check\" aria-hidden=\"true\"><\/i><\/span><div class=\"fusion-li-item-content\">Tolles Team &amp; tolle Arbeitsatmosph\u00e4re<\/div><\/li><li class=\"fusion-li-item\" style=\"\"><span class=\"icon-wrapper circle-no\"><i class=\"fusion-li-icon awb-icon-check\" aria-hidden=\"true\"><\/i><\/span><div class=\"fusion-li-item-content\">Moderner Salon<\/div><\/li><li class=\"fusion-li-item\" style=\"\"><span class=\"icon-wrapper circle-no\"><i class=\"fusion-li-icon awb-icon-check\" aria-hidden=\"true\"><\/i><\/span><div class=\"fusion-li-item-content\">Teamausfl\u00fcge<\/div><\/li><li class=\"fusion-li-item\" style=\"\"><span class=\"icon-wrapper circle-no\"><i class=\"fusion-li-icon awb-icon-check\" aria-hidden=\"true\"><\/i><\/span><div class=\"fusion-li-item-content\">Monatlicher Wertgutschein von 50\u20ac<\/div><\/li><li class=\"fusion-li-item\" style=\"\"><span class=\"icon-wrapper circle-no\"><i class=\"fusion-li-icon awb-icon-check\" aria-hidden=\"true\"><\/i><\/span><div class=\"fusion-li-item-content\">Zzgl. Verdienst-Provision<\/div><\/li><\/ul><\/div><\/div><\/div><\/div><\/div><div id=\"preise\" class=\"fusion-container-anchor\"><div class=\"fusion-fullwidth fullwidth-box fusion-builder-row-12 fusion-flex-container has-pattern-background has-mask-background nonhundred-percent-fullwidth non-hundred-percent-height-scrolling\" style=\"--awb-border-radius-top-left:0px;--awb-border-radius-top-right:0px;--awb-border-radius-bottom-right:0px;--awb-border-radius-bottom-left:0px;--awb-padding-top:0px;--awb-padding-bottom-small:0px;--awb-background-color:#000000;--awb-flex-wrap:wrap;\" ><div class=\"fusion-builder-row fusion-row fusion-flex-align-items-flex-start fusion-flex-content-wrap\" style=\"max-width:1248px;margin-left: calc(-4% \/ 2 );margin-right: calc(-4% \/ 2 );\"><div class=\"fusion-layout-column fusion_builder_column fusion-builder-column-37 fusion_builder_column_1_1 1_1 fusion-flex-column\" style=\"--awb-bg-size:cover;--awb-width-large:100%;--awb-margin-top-large:0px;--awb-spacing-right-large:1.92%;--awb-margin-bottom-large:40px;--awb-spacing-left-large:1.92%;--awb-width-medium:100%;--awb-order-medium:0;--awb-spacing-right-medium:1.92%;--awb-spacing-left-medium:1.92%;--awb-width-small:100%;--awb-order-small:0;--awb-spacing-right-small:1.92%;--awb-spacing-left-small:1.92%;\"><div class=\"fusion-column-wrapper fusion-column-has-shadow fusion-flex-justify-content-flex-start fusion-content-layout-column\"><div class=\"fusion-image-element fusion-no-small-visibility\" style=\"text-align:center;--awb-margin-top:0px;--awb-margin-bottom:0px;--awb-max-width:5px;--awb-caption-title-font-family:var(--h2_typography-font-family);--awb-caption-title-font-weight:var(--h2_typography-font-weight);--awb-caption-title-font-style:var(--h2_typography-font-style);--awb-caption-title-size:var(--h2_typography-font-size);--awb-caption-title-transform:var(--h2_typography-text-transform);--awb-caption-title-line-height:var(--h2_typography-line-height);--awb-caption-title-letter-spacing:var(--h2_typography-letter-spacing);\"><span class=\" fusion-imageframe imageframe-none imageframe-16 hover-type-none\"><img decoding=\"async\" width=\"10\" height=\"250\" title=\"Seperator_Senkrecht\" src=\"https:\/\/stephanie-krahl.de\/balayage-haarverlaengerung-dresden\/\/wp-content\/uploads\/2024\/12\/Seperator_Senkrecht.png\" alt class=\"img-responsive wp-image-3540\"\/><\/span><\/div><div class=\"fusion-title title fusion-title-14 fusion-sep-none fusion-title-center fusion-title-text fusion-title-size-two\"><h2 class=\"fusion-title-heading title-heading-center\" style=\"margin:0;\">PREISE<\/h2><\/div><div style=\"text-align:center;\"><a class=\"fusion-button button-flat fusion-button-default-size button-default fusion-button-default button-12 fusion-button-default-span fusion-button-default-type\" style=\"--button-border-radius-top-left:0;--button-border-radius-top-right:0;--button-border-radius-bottom-right:0;--button-border-radius-bottom-left:0;--button_margin-top:20px;\" target=\"_blank\" rel=\"noopener noreferrer\" href=\"https:\/\/stephanie-krahl.de\/balayage-haarverlaengerung-dresden\/wp-content\/uploads\/2026\/03\/Neue-Preisliste.pdf\"><i class=\"fa-file-alt fas button-icon-left\" aria-hidden=\"true\"><\/i><span class=\"fusion-button-text\">Preisliste \u00f6ffnen<\/span><\/a><\/div><div class=\"fusion-image-element fusion-no-small-visibility\" style=\"text-align:center;--awb-margin-top:20px;--awb-margin-bottom:0px;--awb-max-width:5px;--awb-caption-title-font-family:var(--h2_typography-font-family);--awb-caption-title-font-weight:var(--h2_typography-font-weight);--awb-caption-title-font-style:var(--h2_typography-font-style);--awb-caption-title-size:var(--h2_typography-font-size);--awb-caption-title-transform:var(--h2_typography-text-transform);--awb-caption-title-line-height:var(--h2_typography-line-height);--awb-caption-title-letter-spacing:var(--h2_typography-letter-spacing);\"><span class=\" fusion-imageframe imageframe-none imageframe-17 hover-type-none\"><img decoding=\"async\" width=\"10\" height=\"250\" title=\"Seperator_Senkrecht\" src=\"https:\/\/stephanie-krahl.de\/balayage-haarverlaengerung-dresden\/\/wp-content\/uploads\/2024\/12\/Seperator_Senkrecht.png\" alt class=\"img-responsive wp-image-3540\"\/><\/span><\/div><\/div><\/div><div class=\"fusion-layout-column fusion_builder_column fusion-builder-column-38 fusion_builder_column_2_5 2_5 fusion-flex-column fusion-flex-align-self-stretch kontaktbox\" style=\"--awb-padding-top:100px;--awb-padding-right:50px;--awb-padding-bottom:100px;--awb-padding-left:50px;--awb-padding-top-small:30px;--awb-padding-right-small:30px;--awb-padding-bottom-small:30px;--awb-padding-left-small:30px;--awb-bg-color:var(--awb-color4);--awb-bg-color-hover:var(--awb-color4);--awb-bg-size:cover;--awb-width-large:40%;--awb-margin-top-large:0px;--awb-spacing-right-large:4.8%;--awb-margin-bottom-large:40px;--awb-spacing-left-large:4.8%;--awb-width-medium:40%;--awb-order-medium:0;--awb-spacing-right-medium:4.8%;--awb-spacing-left-medium:4.8%;--awb-width-small:100%;--awb-order-small:0;--awb-spacing-right-small:1.92%;--awb-spacing-left-small:1.92%;\"><div class=\"fusion-column-wrapper fusion-column-has-shadow fusion-flex-justify-content-center fusion-content-layout-column\"><div class=\"fusion-text fusion-text-23 fusion-text-no-margin\" style=\"--awb-content-alignment:left;--awb-font-size:45px;--awb-line-height:1;--awb-text-color:var(--awb-color8);--awb-margin-bottom:80px;--awb-text-font-family:&quot;Montserrat&quot;;--awb-text-font-style:normal;--awb-text-font-weight:100;\"><p>TERMIN<br \/>\nBUCHEN<\/p>\n<\/div><div class=\"fusion-text fusion-text-24\" style=\"--awb-text-color:var(--awb-color8);\"><p><b>PER TELEFON<\/b><br \/>\n<span style=\"color: rgb(0, 0, 0); font-family: Montserrat; font-weight: 400;\" data-fusion-font=\"true\" data-fusion-google-font=\"Montserrat\" data-fusion-google-variant=\"400\">0351 \/ 422 51 10<\/span><\/p>\n<\/div><div ><a class=\"fusion-button button-flat fusion-button-default-size button-custom fusion-button-default button-13 fusion-button-default-span fusion-button-default-type\" style=\"--button_accent_color:var(--awb-color1);--button_border_color:var(--awb-color1);--button_accent_hover_color:var(--awb-color8);--button_border_hover_color:#ffffff;--button-border-radius-top-left:0;--button-border-radius-top-right:0;--button-border-radius-bottom-right:0;--button-border-radius-bottom-left:0;--button_gradient_top_color:var(--awb-color8);--button_gradient_bottom_color:var(--awb-color8);--button_gradient_top_color_hover:#bcb9b8;--button_gradient_bottom_color_hover:#bcb9b8;--button_text_transform:uppercase;--button_font_size:14px;--button_typography-font-family:&quot;Montserrat&quot;;--button_typography-font-style:normal;--button_typography-font-weight:500;--button_margin-top:20px;\" target=\"_blank\" rel=\"noopener noreferrer\" href=\"https:\/\/yfvh.mitdenkt.io\"><span class=\"fusion-button-text\">Per Online-Terminbuchung<\/span><\/a><\/div><\/div><\/div><div class=\"fusion-layout-column fusion_builder_column fusion-builder-column-39 fusion_builder_column_3_5 3_5 fusion-flex-column fusion-flex-align-self-stretch\" style=\"--awb-padding-top:100px;--awb-padding-right:50px;--awb-padding-bottom:100px;--awb-padding-left:50px;--awb-padding-top-small:30px;--awb-padding-right-small:30px;--awb-padding-bottom-small:30px;--awb-padding-left-small:30px;--awb-bg-image:url(&#039;https:\/\/stephanie-krahl.de\/balayage-haarverlaengerung-dresden\/\/wp-content\/uploads\/2024\/12\/Bild_Kontaktbereich.jpg&#039;);--awb-bg-size:cover;--awb-width-large:60%;--awb-margin-top-large:0px;--awb-spacing-right-large:3.2%;--awb-margin-bottom-large:40px;--awb-spacing-left-large:3.2%;--awb-width-medium:60%;--awb-order-medium:0;--awb-spacing-right-medium:3.2%;--awb-spacing-left-medium:3.2%;--awb-width-small:100%;--awb-order-small:0;--awb-spacing-right-small:1.92%;--awb-spacing-left-small:1.92%;\"><div class=\"fusion-column-wrapper fusion-column-has-shadow fusion-flex-justify-content-center fusion-content-layout-column fusion-column-has-bg-image\" data-bg-url=\"https:\/\/stephanie-krahl.de\/balayage-haarverlaengerung-dresden\/\/wp-content\/uploads\/2024\/12\/Bild_Kontaktbereich.jpg\"><div class=\"fusion-title title fusion-title-15 fusion-sep-none fusion-title-text fusion-title-size-four\" style=\"--awb-margin-bottom:5px;\"><h4 class=\"fusion-title-heading title-heading-left\" style=\"margin:0;\">\u00d6FFNUNGSZEITEN DES SALONS<\/h4><\/div><div class=\"fusion-text fusion-text-25\" style=\"--awb-content-alignment:left;\"><p>Mo:  geschlossen<br \/>\nDi \u2013 Fr:  10-18 Uhr<br \/>\nSa:  geschlossen<\/p>\n<\/div><div class=\"fusion-text fusion-text-26\" style=\"--awb-content-alignment:left;\"><p>Unsere Arbeitszeiten sind individuell je nach Stylist.<br \/>\nTermine nach Vereinbarung.<\/p>\n<\/div><div class=\"fusion-title title fusion-title-16 fusion-sep-none fusion-title-text fusion-title-size-four\" style=\"--awb-margin-bottom:5px;\"><h4 class=\"fusion-title-heading title-heading-left\" style=\"margin:0;\">E-MAIL<\/h4><\/div><div class=\"fusion-text fusion-text-27\" style=\"--awb-content-alignment:left;\"><p>assistance@stephanie-krahl.de<\/p>\n<\/div><\/div><\/div><\/div><\/div><\/div><\/p>\n","protected":false},"excerpt":{"rendered":"","protected":false},"author":2,"featured_media":0,"parent":0,"menu_order":0,"comment_status":"closed","ping_status":"closed","template":"100-width.php","meta":{"footnotes":""},"class_list":["post-9","page","type-page","status-publish","hentry"],"_links":{"self":[{"href":"https:\/\/stephanie-krahl.de\/balayage-haarverlaengerung-dresden\/wp-json\/wp\/v2\/pages\/9","targetHints":{"allow":["GET"]}}],"collection":[{"href":"https:\/\/stephanie-krahl.de\/balayage-haarverlaengerung-dresden\/wp-json\/wp\/v2\/pages"}],"about":[{"href":"https:\/\/stephanie-krahl.de\/balayage-haarverlaengerung-dresden\/wp-json\/wp\/v2\/types\/page"}],"author":[{"embeddable":true,"href":"https:\/\/stephanie-krahl.de\/balayage-haarverlaengerung-dresden\/wp-json\/wp\/v2\/users\/2"}],"replies":[{"embeddable":true,"href":"https:\/\/stephanie-krahl.de\/balayage-haarverlaengerung-dresden\/wp-json\/wp\/v2\/comments?post=9"}],"version-history":[{"count":62,"href":"https:\/\/stephanie-krahl.de\/balayage-haarverlaengerung-dresden\/wp-json\/wp\/v2\/pages\/9\/revisions"}],"predecessor-version":[{"id":3654,"href":"https:\/\/stephanie-krahl.de\/balayage-haarverlaengerung-dresden\/wp-json\/wp\/v2\/pages\/9\/revisions\/3654"}],"wp:attachment":[{"href":"https:\/\/stephanie-krahl.de\/balayage-haarverlaengerung-dresden\/wp-json\/wp\/v2\/media?parent=9"}],"curies":[{"name":"wp","href":"https:\/\/api.w.org\/{rel}","templated":true}]}}